{"id":1187,"date":"2020-11-20T10:53:17","date_gmt":"2020-11-20T10:53:17","guid":{"rendered":"https:\/\/plataformafosaspaterna.org\/?page_id=1187"},"modified":"2021-01-26T17:49:34","modified_gmt":"2021-01-26T17:49:34","slug":"audio","status":"publish","type":"page","link":"https:\/\/plataformafosaspaterna.org\/?page_id=1187","title":{"rendered":"\u00c0udios"},"content":{"rendered":"\t\t<div data-elementor-type=\"wp-page\" data-elementor-id=\"1187\" class=\"elementor elementor-1187\">\n\t\t\t\t\t\t<section class=\"elementor-section elementor-top-section elementor-element elementor-element-058b199 elementor-section-boxed elementor-section-height-default elementor-section-height-default\" data-id=\"058b199\" data-element_type=\"section\" data-e-type=\"section\" data-settings=\"{&quot;background_background&quot;:&quot;classic&quot;}\">\n\t\t\t\t\t\t\t<div class=\"elementor-background-overlay\"><\/div>\n\t\t\t\t\t\t\t<div class=\"elementor-container elementor-column-gap-default\">\n\t\t\t\t\t<div class=\"elementor-column elementor-col-100 elementor-top-column elementor-element elementor-element-e70ee07\" data-id=\"e70ee07\" data-element_type=\"column\" data-e-type=\"column\">\n\t\t\t<div class=\"elementor-widget-wrap elementor-element-populated\">\n\t\t\t\t\t\t<div class=\"elementor-element elementor-element-ef710ba elementor-widget elementor-widget-heading\" data-id=\"ef710ba\" data-element_type=\"widget\" data-e-type=\"widget\" data-widget_type=\"heading.default\">\n\t\t\t\t<div class=\"elementor-widget-container\">\n\t\t\t\t\t<h2 class=\"elementor-heading-title elementor-size-large\">programes de r\u00e0dio i podcasts<\/h2>\t\t\t\t<\/div>\n\t\t\t\t<\/div>\n\t\t\t\t<div class=\"elementor-element elementor-element-5dafe2a elementor-widget elementor-widget-heading\" data-id=\"5dafe2a\" data-element_type=\"widget\" data-e-type=\"widget\" data-widget_type=\"heading.default\">\n\t\t\t\t<div class=\"elementor-widget-container\">\n\t\t\t\t\t<p class=\"elementor-heading-title elementor-size-medium\">Escolta els reportatges i entrevistes que ens han fet en la r\u00e0dio o que es fan ress\u00f2 de la nostra hist\u00f2ria i de la nostra lluita<\/p>\t\t\t\t<\/div>\n\t\t\t\t<\/div>\n\t\t\t\t\t<\/div>\n\t\t<\/div>\n\t\t\t\t\t<\/div>\n\t\t<\/section>\n\t\t\t\t<section class=\"elementor-section elementor-top-section elementor-element elementor-element-e541381 elementor-section-boxed elementor-section-height-default elementor-section-height-default\" data-id=\"e541381\" data-element_type=\"section\" data-e-type=\"section\">\n\t\t\t\t\t\t<div class=\"elementor-container elementor-column-gap-default\">\n\t\t\t\t\t<div class=\"elementor-column elementor-col-100 elementor-top-column elementor-element elementor-element-04710f7\" data-id=\"04710f7\" data-element_type=\"column\" data-e-type=\"column\">\n\t\t\t<div class=\"elementor-widget-wrap elementor-element-populated\">\n\t\t\t\t\t\t<div class=\"elementor-element elementor-element-4ca8b3f elementor-widget-divider--view-line elementor-widget elementor-widget-divider\" data-id=\"4ca8b3f\" data-element_type=\"widget\" data-e-type=\"widget\" data-widget_type=\"divider.default\">\n\t\t\t\t<div class=\"elementor-widget-container\">\n\t\t\t\t\t\t\t<div class=\"elementor-divider\">\n\t\t\t<span class=\"elementor-divider-separator\">\n\t\t\t\t\t\t<\/span>\n\t\t<\/div>\n\t\t\t\t\t\t<\/div>\n\t\t\t\t<\/div>\n\t\t\t\t\t<\/div>\n\t\t<\/div>\n\t\t\t\t\t<\/div>\n\t\t<\/section>\n\t\t\t\t<section class=\"elementor-section elementor-top-section elementor-element elementor-element-2674c04 elementor-section-boxed elementor-section-height-default elementor-section-height-default\" data-id=\"2674c04\" data-element_type=\"section\" data-e-type=\"section\">\n\t\t\t\t\t\t<div class=\"elementor-container elementor-column-gap-default\">\n\t\t\t\t\t<div class=\"elementor-column elementor-col-100 elementor-top-column elementor-element elementor-element-122a569\" data-id=\"122a569\" data-element_type=\"column\" data-e-type=\"column\">\n\t\t\t<div class=\"elementor-widget-wrap elementor-element-populated\">\n\t\t\t\t\t\t<section class=\"elementor-section elementor-inner-section elementor-element elementor-element-57832a5 elementor-section-boxed elementor-section-height-default elementor-section-height-default\" data-id=\"57832a5\" data-element_type=\"section\" data-e-type=\"section\">\n\t\t\t\t\t\t<div class=\"elementor-container elementor-column-gap-default\">\n\t\t\t\t\t<div class=\"elementor-column elementor-col-50 elementor-inner-column elementor-element elementor-element-07efc67\" data-id=\"07efc67\" data-element_type=\"column\" data-e-type=\"column\">\n\t\t\t<div class=\"elementor-widget-wrap elementor-element-populated\">\n\t\t\t\t\t\t<div class=\"elementor-element elementor-element-a187c9e elementor-vertical-align-middle elementor-widget elementor-widget-image-box\" data-id=\"a187c9e\" data-element_type=\"widget\" data-e-type=\"widget\" data-widget_type=\"image-box.default\">\n\t\t\t\t<div class=\"elementor-widget-container\">\n\t\t\t\t\t<div class=\"elementor-image-box-wrapper\"><div class=\"elementor-image-box-content\"><h3 class=\"elementor-image-box-title\"><a href=\"https:\/\/plazaradio.valenciaplaza.com\/el-mur-dafusellament-i-les-fosses-de-paterna\" target=\"_blank\">El mur d\u2019afusellament i les fosses de Paterna<\/a><\/h3><p class=\"elementor-image-box-description\">PODCAST Els llocs de la mem\u00f2ria de plazaradio.valenciaplaza.com per Carlos L\u00f3pez Olano (06\/12\/2020)<\/p><\/div><\/div>\t\t\t\t<\/div>\n\t\t\t\t<\/div>\n\t\t\t\t\t<\/div>\n\t\t<\/div>\n\t\t\t\t<div class=\"elementor-column elementor-col-50 elementor-inner-column elementor-element elementor-element-cbb8b4d\" data-id=\"cbb8b4d\" data-element_type=\"column\" data-e-type=\"column\">\n\t\t\t<div class=\"elementor-widget-wrap elementor-element-populated\">\n\t\t\t\t\t\t<div class=\"elementor-element elementor-element-59e27e6 elementor-vertical-align-middle elementor-widget elementor-widget-image-box\" data-id=\"59e27e6\" data-element_type=\"widget\" data-e-type=\"widget\" data-widget_type=\"image-box.default\">\n\t\t\t\t<div class=\"elementor-widget-container\">\n\t\t\t\t\t<div class=\"elementor-image-box-wrapper\"><div class=\"elementor-image-box-content\"><h3 class=\"elementor-image-box-title\"><a href=\"https:\/\/cadenaser.com\/programa\/2018\/12\/16\/a_vivir_que_son_dos_dias\/1544944073_160128.html\" target=\"_blank\">Leoncio Bad\u00eda Navarro, humanidad en medio de la barbarie<\/a><\/h3><p class=\"elementor-image-box-description\">PODCAST de la s\u00e8rie Vidas Enterradas de Cadena SER per Conchi Cejalvo (16\/12\/2018)<\/p><\/div><\/div>\t\t\t\t<\/div>\n\t\t\t\t<\/div>\n\t\t\t\t\t<\/div>\n\t\t<\/div>\n\t\t\t\t\t<\/div>\n\t\t<\/section>\n\t\t\t\t\t<\/div>\n\t\t<\/div>\n\t\t\t\t\t<\/div>\n\t\t<\/section>\n\t\t\t\t<section class=\"elementor-section elementor-top-section elementor-element elementor-element-b4306a1 elementor-section-boxed elementor-section-height-default elementor-section-height-default\" data-id=\"b4306a1\" data-element_type=\"section\" data-e-type=\"section\">\n\t\t\t\t\t\t<div class=\"elementor-container elementor-column-gap-default\">\n\t\t\t\t\t<div class=\"elementor-column elementor-col-100 elementor-top-column elementor-element elementor-element-5572dda\" data-id=\"5572dda\" data-element_type=\"column\" data-e-type=\"column\">\n\t\t\t<div class=\"elementor-widget-wrap elementor-element-populated\">\n\t\t\t\t\t\t<div class=\"elementor-element elementor-element-878c0dc elementor-widget elementor-widget-spacer\" data-id=\"878c0dc\" data-element_type=\"widget\" data-e-type=\"widget\" data-widget_type=\"spacer.default\">\n\t\t\t\t<div class=\"elementor-widget-container\">\n\t\t\t\t\t\t\t<div class=\"elementor-spacer\">\n\t\t\t<div class=\"elementor-spacer-inner\"><\/div>\n\t\t<\/div>\n\t\t\t\t\t\t<\/div>\n\t\t\t\t<\/div>\n\t\t\t\t<div class=\"elementor-element elementor-element-36cf55a elementor-widget elementor-widget-spacer\" data-id=\"36cf55a\" data-element_type=\"widget\" data-e-type=\"widget\" data-widget_type=\"spacer.default\">\n\t\t\t\t<div class=\"elementor-widget-container\">\n\t\t\t\t\t\t\t<div class=\"elementor-spacer\">\n\t\t\t<div class=\"elementor-spacer-inner\"><\/div>\n\t\t<\/div>\n\t\t\t\t\t\t<\/div>\n\t\t\t\t<\/div>\n\t\t\t\t\t<\/div>\n\t\t<\/div>\n\t\t\t\t\t<\/div>\n\t\t<\/section>\n\t\t\t\t<\/div>\n\t\t","protected":false},"excerpt":{"rendered":"<p>programes de r\u00e0dio i podcasts Escolta els reportatges i entrevistes que ens han fet en la r\u00e0dio o que es fan ress\u00f2 de la nostra hist\u00f2ria i de la nostra lluita El mur d\u2019afusellament i les fosses de Paterna PODCAST Els llocs de la mem\u00f2ria de plazaradio.valenciaplaza.com per Carlos L\u00f3pez Olano (06\/12\/2020) Leoncio Bad\u00eda Navarro,&hellip;&nbsp;<a href=\"https:\/\/plataformafosaspaterna.org\/?page_id=1187\" class=\"\" rel=\"bookmark\">Leer m\u00e1s &raquo;<span class=\"screen-reader-text\">\u00c0udios<\/span><\/a><\/p>\n","protected":false},"author":6,"featured_media":0,"parent":0,"menu_order":0,"comment_status":"closed","ping_status":"closed","template":"page-templates\/template-pagebuilder-full-width.php","meta":{"_monsterinsights_skip_tracking":false,"_monsterinsights_sitenote_active":false,"_monsterinsights_sitenote_note":"","_monsterinsights_sitenote_category":0,"neve_meta_sidebar":"full-width","neve_meta_container":"","neve_meta_enable_content_width":"on","neve_meta_content_width":100,"neve_meta_title_alignment":"","neve_meta_author_avatar":"","neve_post_elements_order":"","neve_meta_disable_header":"","neve_meta_disable_footer":"","neve_meta_disable_title":"","footnotes":""},"class_list":["post-1187","page","type-page","status-publish","hentry"],"lang":"ca","translations":{"ca":1187,"es":2692},"pll_sync_post":[],"_links":{"self":[{"href":"https:\/\/plataformafosaspaterna.org\/index.php?rest_route=\/wp\/v2\/pages\/1187","targetHints":{"allow":["GET"]}}],"collection":[{"href":"https:\/\/plataformafosaspaterna.org\/index.php?rest_route=\/wp\/v2\/pages"}],"about":[{"href":"https:\/\/plataformafosaspaterna.org\/index.php?rest_route=\/wp\/v2\/types\/page"}],"author":[{"embeddable":true,"href":"https:\/\/plataformafosaspaterna.org\/index.php?rest_route=\/wp\/v2\/users\/6"}],"replies":[{"embeddable":true,"href":"https:\/\/plataformafosaspaterna.org\/index.php?rest_route=%2Fwp%2Fv2%2Fcomments&post=1187"}],"version-history":[{"count":81,"href":"https:\/\/plataformafosaspaterna.org\/index.php?rest_route=\/wp\/v2\/pages\/1187\/revisions"}],"predecessor-version":[{"id":3673,"href":"https:\/\/plataformafosaspaterna.org\/index.php?rest_route=\/wp\/v2\/pages\/1187\/revisions\/3673"}],"wp:attachment":[{"href":"https:\/\/plataformafosaspaterna.org\/index.php?rest_route=%2Fwp%2Fv2%2Fmedia&parent=1187"}],"curies":[{"name":"wp","href":"https:\/\/api.w.org\/{rel}","templated":true}]}}