{"id":2688,"date":"2020-12-27T19:03:02","date_gmt":"2020-12-27T19:03:02","guid":{"rendered":"https:\/\/plataformafosaspaterna.org\/?page_id=2688"},"modified":"2022-12-27T00:24:12","modified_gmt":"2022-12-27T00:24:12","slug":"publicaciones-2","status":"publish","type":"page","link":"https:\/\/plataformafosaspaterna.org\/?page_id=2688","title":{"rendered":"Publicaciones"},"content":{"rendered":"\t\t<div data-elementor-type=\"wp-page\" data-elementor-id=\"2688\" class=\"elementor elementor-2688\">\n\t\t\t\t\t\t<section class=\"elementor-section elementor-top-section elementor-element elementor-element-76388fbc elementor-section-boxed elementor-section-height-default elementor-section-height-default\" data-id=\"76388fbc\" data-element_type=\"section\" data-e-type=\"section\" data-settings=\"{&quot;background_background&quot;:&quot;classic&quot;}\">\n\t\t\t\t\t\t\t<div class=\"elementor-background-overlay\"><\/div>\n\t\t\t\t\t\t\t<div class=\"elementor-container elementor-column-gap-default\">\n\t\t\t\t\t<div class=\"elementor-column elementor-col-100 elementor-top-column elementor-element elementor-element-739422f1\" data-id=\"739422f1\" data-element_type=\"column\" data-e-type=\"column\">\n\t\t\t<div class=\"elementor-widget-wrap elementor-element-populated\">\n\t\t\t\t\t\t<div class=\"elementor-element elementor-element-ed4992e elementor-widget elementor-widget-heading\" data-id=\"ed4992e\" data-element_type=\"widget\" data-e-type=\"widget\" data-widget_type=\"heading.default\">\n\t\t\t\t<div class=\"elementor-widget-container\">\n\t\t\t\t\t<h2 class=\"elementor-heading-title elementor-size-large\">publicaciones<\/h2>\t\t\t\t<\/div>\n\t\t\t\t<\/div>\n\t\t\t\t<div class=\"elementor-element elementor-element-7396bc56 elementor-widget elementor-widget-heading\" data-id=\"7396bc56\" data-element_type=\"widget\" data-e-type=\"widget\" data-widget_type=\"heading.default\">\n\t\t\t\t<div class=\"elementor-widget-container\">\n\t\t\t\t\t<p class=\"elementor-heading-title elementor-size-medium\">Este es un reflejo de nuestras actividades registrado en prensa y redes sociales. Tambi\u00e9n puedes encontrar algunos enlaces a p\u00e1ginas web que te podr\u00edan interesar<\/p>\t\t\t\t<\/div>\n\t\t\t\t<\/div>\n\t\t\t\t\t<\/div>\n\t\t<\/div>\n\t\t\t\t\t<\/div>\n\t\t<\/section>\n\t\t\t\t<section class=\"elementor-section elementor-top-section elementor-element elementor-element-459849c elementor-section-boxed elementor-section-height-default elementor-section-height-default\" data-id=\"459849c\" data-element_type=\"section\" data-e-type=\"section\">\n\t\t\t\t\t\t<div class=\"elementor-container elementor-column-gap-default\">\n\t\t\t\t\t<div class=\"elementor-column elementor-col-100 elementor-top-column elementor-element elementor-element-196c2d3\" data-id=\"196c2d3\" data-element_type=\"column\" data-e-type=\"column\">\n\t\t\t<div class=\"elementor-widget-wrap elementor-element-populated\">\n\t\t\t\t\t\t<div class=\"elementor-element elementor-element-bc55f3c elementor-widget elementor-widget-spacer\" data-id=\"bc55f3c\" data-element_type=\"widget\" data-e-type=\"widget\" data-widget_type=\"spacer.default\">\n\t\t\t\t<div class=\"elementor-widget-container\">\n\t\t\t\t\t\t\t<div class=\"elementor-spacer\">\n\t\t\t<div class=\"elementor-spacer-inner\"><\/div>\n\t\t<\/div>\n\t\t\t\t\t\t<\/div>\n\t\t\t\t<\/div>\n\t\t\t\t\t<\/div>\n\t\t<\/div>\n\t\t\t\t\t<\/div>\n\t\t<\/section>\n\t\t\t\t<section class=\"elementor-section elementor-top-section elementor-element elementor-element-0cadf1f elementor-section-boxed elementor-section-height-default elementor-section-height-default\" data-id=\"0cadf1f\" data-element_type=\"section\" data-e-type=\"section\">\n\t\t\t\t\t\t<div class=\"elementor-container elementor-column-gap-default\">\n\t\t\t\t\t<div class=\"elementor-column elementor-col-100 elementor-top-column elementor-element elementor-element-4924a16\" data-id=\"4924a16\" data-element_type=\"column\" data-e-type=\"column\">\n\t\t\t<div class=\"elementor-widget-wrap elementor-element-populated\">\n\t\t\t\t\t\t<div class=\"elementor-element elementor-element-80b929b elementor-widget elementor-widget-heading\" data-id=\"80b929b\" data-element_type=\"widget\" data-e-type=\"widget\" data-widget_type=\"heading.default\">\n\t\t\t\t<div class=\"elementor-widget-container\">\n\t\t\t\t\t<h2 class=\"elementor-heading-title elementor-size-default\">Libros<\/h2>\t\t\t\t<\/div>\n\t\t\t\t<\/div>\n\t\t\t\t\t<\/div>\n\t\t<\/div>\n\t\t\t\t\t<\/div>\n\t\t<\/section>\n\t\t\t\t<section class=\"elementor-section elementor-top-section elementor-element elementor-element-4f095a3 elementor-section-boxed elementor-section-height-default elementor-section-height-default\" data-id=\"4f095a3\" data-element_type=\"section\" data-e-type=\"section\">\n\t\t\t\t\t\t<div class=\"elementor-container elementor-column-gap-default\">\n\t\t\t\t\t<div class=\"elementor-column elementor-col-25 elementor-top-column elementor-element elementor-element-240d30e\" data-id=\"240d30e\" data-element_type=\"column\" data-e-type=\"column\">\n\t\t\t<div class=\"elementor-widget-wrap elementor-element-populated\">\n\t\t\t\t\t\t<div class=\"elementor-element elementor-element-93f6dc8 elementor-widget elementor-widget-image\" data-id=\"93f6dc8\" data-element_type=\"widget\" data-e-type=\"widget\" data-widget_type=\"image.default\">\n\t\t\t\t<div class=\"elementor-widget-container\">\n\t\t\t\t\t\t\t\t\t\t\t\t\t\t\t<img fetchpriority=\"high\" decoding=\"async\" width=\"670\" height=\"850\" src=\"https:\/\/plataformafosaspaterna.org\/wp-content\/uploads\/2022\/12\/postguerraComarquesValencianes.png\" class=\"attachment-large size-large wp-image-4380\" alt=\"\" srcset=\"https:\/\/plataformafosaspaterna.org\/wp-content\/uploads\/2022\/12\/postguerraComarquesValencianes.png 670w, https:\/\/plataformafosaspaterna.org\/wp-content\/uploads\/2022\/12\/postguerraComarquesValencianes-236x300.png 236w\" sizes=\"(max-width: 670px) 100vw, 670px\" \/>\t\t\t\t\t\t\t\t\t\t\t\t\t\t\t<\/div>\n\t\t\t\t<\/div>\n\t\t\t\t\t<\/div>\n\t\t<\/div>\n\t\t\t\t<div class=\"elementor-column elementor-col-25 elementor-top-column elementor-element elementor-element-6feb0ad\" data-id=\"6feb0ad\" data-element_type=\"column\" data-e-type=\"column\">\n\t\t\t<div class=\"elementor-widget-wrap elementor-element-populated\">\n\t\t\t\t\t\t<div class=\"elementor-element elementor-element-19f4868 elementor-widget elementor-widget-image\" data-id=\"19f4868\" data-element_type=\"widget\" data-e-type=\"widget\" data-widget_type=\"image.default\">\n\t\t\t\t<div class=\"elementor-widget-container\">\n\t\t\t\t\t\t\t\t\t\t\t\t\t\t\t<img decoding=\"async\" width=\"670\" height=\"850\" src=\"https:\/\/plataformafosaspaterna.org\/wp-content\/uploads\/2022\/12\/f100_etnografiaExhumacio.png\" class=\"attachment-large size-large wp-image-4379\" alt=\"\" srcset=\"https:\/\/plataformafosaspaterna.org\/wp-content\/uploads\/2022\/12\/f100_etnografiaExhumacio.png 670w, https:\/\/plataformafosaspaterna.org\/wp-content\/uploads\/2022\/12\/f100_etnografiaExhumacio-236x300.png 236w\" sizes=\"(max-width: 670px) 100vw, 670px\" \/>\t\t\t\t\t\t\t\t\t\t\t\t\t\t\t<\/div>\n\t\t\t\t<\/div>\n\t\t\t\t\t<\/div>\n\t\t<\/div>\n\t\t\t\t<div class=\"elementor-column elementor-col-25 elementor-top-column elementor-element elementor-element-6fabad1\" data-id=\"6fabad1\" data-element_type=\"column\" data-e-type=\"column\">\n\t\t\t<div class=\"elementor-widget-wrap elementor-element-populated\">\n\t\t\t\t\t\t<div class=\"elementor-element elementor-element-b9dfa2d elementor-widget elementor-widget-image\" data-id=\"b9dfa2d\" data-element_type=\"widget\" data-e-type=\"widget\" data-widget_type=\"image.default\">\n\t\t\t\t<div class=\"elementor-widget-container\">\n\t\t\t\t\t\t\t\t\t\t\t\t\t\t\t<img decoding=\"async\" width=\"670\" height=\"850\" src=\"https:\/\/plataformafosaspaterna.org\/wp-content\/uploads\/2022\/12\/vicentGabarda_elsAfusellamentsAlPaisValencia.png\" class=\"attachment-large size-large wp-image-4378\" alt=\"\" srcset=\"https:\/\/plataformafosaspaterna.org\/wp-content\/uploads\/2022\/12\/vicentGabarda_elsAfusellamentsAlPaisValencia.png 670w, https:\/\/plataformafosaspaterna.org\/wp-content\/uploads\/2022\/12\/vicentGabarda_elsAfusellamentsAlPaisValencia-236x300.png 236w\" sizes=\"(max-width: 670px) 100vw, 670px\" \/>\t\t\t\t\t\t\t\t\t\t\t\t\t\t\t<\/div>\n\t\t\t\t<\/div>\n\t\t\t\t\t<\/div>\n\t\t<\/div>\n\t\t\t\t<div class=\"elementor-column elementor-col-25 elementor-top-column elementor-element elementor-element-885bf74\" data-id=\"885bf74\" data-element_type=\"column\" data-e-type=\"column\">\n\t\t\t<div class=\"elementor-widget-wrap elementor-element-populated\">\n\t\t\t\t\t\t<div class=\"elementor-element elementor-element-4f77eeb elementor-widget elementor-widget-image\" data-id=\"4f77eeb\" data-element_type=\"widget\" data-e-type=\"widget\" data-widget_type=\"image.default\">\n\t\t\t\t<div class=\"elementor-widget-container\">\n\t\t\t\t\t\t\t\t\t\t\t\t\t\t\t<img loading=\"lazy\" decoding=\"async\" width=\"670\" height=\"850\" src=\"https:\/\/plataformafosaspaterna.org\/wp-content\/uploads\/2022\/12\/vicentGabarda_elCostHumadeLaRepressioAlPV.png\" class=\"attachment-large size-large wp-image-4377\" alt=\"\" srcset=\"https:\/\/plataformafosaspaterna.org\/wp-content\/uploads\/2022\/12\/vicentGabarda_elCostHumadeLaRepressioAlPV.png 670w, https:\/\/plataformafosaspaterna.org\/wp-content\/uploads\/2022\/12\/vicentGabarda_elCostHumadeLaRepressioAlPV-236x300.png 236w\" sizes=\"(max-width: 670px) 100vw, 670px\" \/>\t\t\t\t\t\t\t\t\t\t\t\t\t\t\t<\/div>\n\t\t\t\t<\/div>\n\t\t\t\t\t<\/div>\n\t\t<\/div>\n\t\t\t\t\t<\/div>\n\t\t<\/section>\n\t\t\t\t<section class=\"elementor-section elementor-top-section elementor-element elementor-element-d1b7799 elementor-section-boxed elementor-section-height-default elementor-section-height-default\" data-id=\"d1b7799\" data-element_type=\"section\" data-e-type=\"section\">\n\t\t\t\t\t\t<div class=\"elementor-container elementor-column-gap-default\">\n\t\t\t\t\t<div class=\"elementor-column elementor-col-25 elementor-top-column elementor-element elementor-element-5e86bd9\" data-id=\"5e86bd9\" data-element_type=\"column\" data-e-type=\"column\">\n\t\t\t<div class=\"elementor-widget-wrap elementor-element-populated\">\n\t\t\t\t\t\t<div class=\"elementor-element elementor-element-7bb957e elementor-widget elementor-widget-image\" data-id=\"7bb957e\" data-element_type=\"widget\" data-e-type=\"widget\" data-widget_type=\"image.default\">\n\t\t\t\t<div class=\"elementor-widget-container\">\n\t\t\t\t\t\t\t\t\t\t\t\t\t\t\t<img loading=\"lazy\" decoding=\"async\" width=\"670\" height=\"850\" src=\"https:\/\/plataformafosaspaterna.org\/wp-content\/uploads\/2022\/12\/mariaAmparoGomar_objectesdesapareguts.png\" class=\"attachment-large size-large wp-image-4376\" alt=\"\" srcset=\"https:\/\/plataformafosaspaterna.org\/wp-content\/uploads\/2022\/12\/mariaAmparoGomar_objectesdesapareguts.png 670w, https:\/\/plataformafosaspaterna.org\/wp-content\/uploads\/2022\/12\/mariaAmparoGomar_objectesdesapareguts-236x300.png 236w\" sizes=\"(max-width: 670px) 100vw, 670px\" \/>\t\t\t\t\t\t\t\t\t\t\t\t\t\t\t<\/div>\n\t\t\t\t<\/div>\n\t\t\t\t\t<\/div>\n\t\t<\/div>\n\t\t\t\t<div class=\"elementor-column elementor-col-25 elementor-top-column elementor-element elementor-element-0d2f685\" data-id=\"0d2f685\" data-element_type=\"column\" data-e-type=\"column\">\n\t\t\t<div class=\"elementor-widget-wrap elementor-element-populated\">\n\t\t\t\t\t\t<div class=\"elementor-element elementor-element-c3d4116 elementor-widget elementor-widget-image\" data-id=\"c3d4116\" data-element_type=\"widget\" data-e-type=\"widget\" data-widget_type=\"image.default\">\n\t\t\t\t<div class=\"elementor-widget-container\">\n\t\t\t\t\t\t\t\t\t\t\t\t\t\t\t<img loading=\"lazy\" decoding=\"async\" width=\"670\" height=\"850\" src=\"https:\/\/plataformafosaspaterna.org\/wp-content\/uploads\/2022\/12\/lauraMollaAlcaniz_seDondeEstan.png\" class=\"attachment-large size-large wp-image-4375\" alt=\"\" srcset=\"https:\/\/plataformafosaspaterna.org\/wp-content\/uploads\/2022\/12\/lauraMollaAlcaniz_seDondeEstan.png 670w, https:\/\/plataformafosaspaterna.org\/wp-content\/uploads\/2022\/12\/lauraMollaAlcaniz_seDondeEstan-236x300.png 236w\" sizes=\"(max-width: 670px) 100vw, 670px\" \/>\t\t\t\t\t\t\t\t\t\t\t\t\t\t\t<\/div>\n\t\t\t\t<\/div>\n\t\t\t\t\t<\/div>\n\t\t<\/div>\n\t\t\t\t<div class=\"elementor-column elementor-col-25 elementor-top-column elementor-element elementor-element-80b6049\" data-id=\"80b6049\" data-element_type=\"column\" data-e-type=\"column\">\n\t\t\t<div class=\"elementor-widget-wrap elementor-element-populated\">\n\t\t\t\t\t\t<div class=\"elementor-element elementor-element-6456e24 elementor-widget elementor-widget-image\" data-id=\"6456e24\" data-element_type=\"widget\" data-e-type=\"widget\" data-widget_type=\"image.default\">\n\t\t\t\t<div class=\"elementor-widget-container\">\n\t\t\t\t\t\t\t\t\t\t\t\t\t\t\t<img loading=\"lazy\" decoding=\"async\" width=\"670\" height=\"850\" src=\"https:\/\/plataformafosaspaterna.org\/wp-content\/uploads\/2022\/12\/evaManez_paternaLaMemoriaDelHorror.png\" class=\"attachment-large size-large wp-image-4374\" alt=\"\" srcset=\"https:\/\/plataformafosaspaterna.org\/wp-content\/uploads\/2022\/12\/evaManez_paternaLaMemoriaDelHorror.png 670w, https:\/\/plataformafosaspaterna.org\/wp-content\/uploads\/2022\/12\/evaManez_paternaLaMemoriaDelHorror-236x300.png 236w\" sizes=\"(max-width: 670px) 100vw, 670px\" \/>\t\t\t\t\t\t\t\t\t\t\t\t\t\t\t<\/div>\n\t\t\t\t<\/div>\n\t\t\t\t\t<\/div>\n\t\t<\/div>\n\t\t\t\t<div class=\"elementor-column elementor-col-25 elementor-top-column elementor-element elementor-element-895d2ad\" data-id=\"895d2ad\" data-element_type=\"column\" data-e-type=\"column\">\n\t\t\t<div class=\"elementor-widget-wrap elementor-element-populated\">\n\t\t\t\t\t\t\t<\/div>\n\t\t<\/div>\n\t\t\t\t\t<\/div>\n\t\t<\/section>\n\t\t\t\t<section class=\"elementor-section elementor-top-section elementor-element elementor-element-3f2dbb5 elementor-section-boxed elementor-section-height-default elementor-section-height-default\" data-id=\"3f2dbb5\" data-element_type=\"section\" data-e-type=\"section\">\n\t\t\t\t\t\t<div class=\"elementor-container elementor-column-gap-default\">\n\t\t\t\t\t<div class=\"elementor-column elementor-col-100 elementor-top-column elementor-element elementor-element-87820a2\" data-id=\"87820a2\" data-element_type=\"column\" data-e-type=\"column\">\n\t\t\t<div class=\"elementor-widget-wrap elementor-element-populated\">\n\t\t\t\t\t\t<div class=\"elementor-element elementor-element-cc54a0e elementor-widget-divider--view-line elementor-widget elementor-widget-divider\" data-id=\"cc54a0e\" data-element_type=\"widget\" data-e-type=\"widget\" data-widget_type=\"divider.default\">\n\t\t\t\t<div class=\"elementor-widget-container\">\n\t\t\t\t\t\t\t<div class=\"elementor-divider\">\n\t\t\t<span class=\"elementor-divider-separator\">\n\t\t\t\t\t\t<\/span>\n\t\t<\/div>\n\t\t\t\t\t\t<\/div>\n\t\t\t\t<\/div>\n\t\t\t\t\t<\/div>\n\t\t<\/div>\n\t\t\t\t\t<\/div>\n\t\t<\/section>\n\t\t\t\t<section class=\"elementor-section elementor-top-section elementor-element elementor-element-5acce44 elementor-section-boxed elementor-section-height-default elementor-section-height-default\" data-id=\"5acce44\" data-element_type=\"section\" data-e-type=\"section\">\n\t\t\t\t\t\t<div class=\"elementor-container elementor-column-gap-default\">\n\t\t\t\t\t<div class=\"elementor-column elementor-col-100 elementor-top-column elementor-element elementor-element-93702a6\" data-id=\"93702a6\" data-element_type=\"column\" data-e-type=\"column\">\n\t\t\t<div class=\"elementor-widget-wrap elementor-element-populated\">\n\t\t\t\t\t\t<section class=\"elementor-section elementor-inner-section elementor-element elementor-element-cacbdc0 elementor-section-boxed elementor-section-height-default elementor-section-height-default\" data-id=\"cacbdc0\" data-element_type=\"section\" data-e-type=\"section\">\n\t\t\t\t\t\t<div class=\"elementor-container elementor-column-gap-wide\">\n\t\t\t\t\t<div class=\"elementor-column elementor-col-50 elementor-inner-column elementor-element elementor-element-cf70972\" data-id=\"cf70972\" data-element_type=\"column\" data-e-type=\"column\">\n\t\t\t<div class=\"elementor-widget-wrap elementor-element-populated\">\n\t\t\t\t\t\t<div class=\"elementor-element elementor-element-8becd11 elementor-position-top elementor-widget elementor-widget-image-box\" data-id=\"8becd11\" data-element_type=\"widget\" data-e-type=\"widget\" data-widget_type=\"image-box.default\">\n\t\t\t\t<div class=\"elementor-widget-container\">\n\t\t\t\t\t<div class=\"elementor-image-box-wrapper\"><figure class=\"elementor-image-box-img\"><a href=\"https:\/\/arqueoantro.org\/campana-2020-fosa-111-paterna\/\" target=\"_blank\" tabindex=\"-1\"><img loading=\"lazy\" decoding=\"async\" width=\"980\" height=\"653\" src=\"https:\/\/plataformafosaspaterna.org\/wp-content\/uploads\/2020\/12\/arqueoantro-fosa-111.jpg\" class=\"attachment-full size-full wp-image-3280\" alt=\"\" srcset=\"https:\/\/plataformafosaspaterna.org\/wp-content\/uploads\/2020\/12\/arqueoantro-fosa-111.jpg 980w, https:\/\/plataformafosaspaterna.org\/wp-content\/uploads\/2020\/12\/arqueoantro-fosa-111-300x200.jpg 300w, https:\/\/plataformafosaspaterna.org\/wp-content\/uploads\/2020\/12\/arqueoantro-fosa-111-768x512.jpg 768w, https:\/\/plataformafosaspaterna.org\/wp-content\/uploads\/2020\/12\/arqueoantro-fosa-111-930x620.jpg 930w\" sizes=\"(max-width: 980px) 100vw, 980px\" \/><\/a><\/figure><div class=\"elementor-image-box-content\"><h1 class=\"elementor-image-box-title\"><a href=\"https:\/\/arqueoantro.org\/campana-2020-fosa-111-paterna\/\" target=\"_blank\">Inicio Campa\u00f1a 2020: Fosa 111<\/a><\/h1><p class=\"elementor-image-box-description\">ArqueoAntro.org (28\/05\/2020) por Gema L\u00f3pez<\/p><\/div><\/div>\t\t\t\t<\/div>\n\t\t\t\t<\/div>\n\t\t\t\t\t<\/div>\n\t\t<\/div>\n\t\t\t\t<div class=\"elementor-column elementor-col-50 elementor-inner-column elementor-element elementor-element-57e2a9b\" data-id=\"57e2a9b\" data-element_type=\"column\" data-e-type=\"column\">\n\t\t\t<div class=\"elementor-widget-wrap elementor-element-populated\">\n\t\t\t\t\t\t<div class=\"elementor-element elementor-element-7f660dd elementor-widget elementor-widget-image-box\" data-id=\"7f660dd\" data-element_type=\"widget\" data-e-type=\"widget\" data-widget_type=\"image-box.default\">\n\t\t\t\t<div class=\"elementor-widget-container\">\n\t\t\t\t\t<div class=\"elementor-image-box-wrapper\"><div class=\"elementor-image-box-content\"><h1 class=\"elementor-image-box-title\"><a href=\"https:\/\/www.levante-emv.com\/horta\/2020\/12\/14\/cementerio-paterna-exhumacion-franquismo-26289265.html\" target=\"_blank\">La Generalitat realizar\u00e1 en el cementerio de Paterna la exhumaci\u00f3n m\u00e1s numerosa de v\u00edctimas del franquismo<\/a><\/h1><p class=\"elementor-image-box-description\">Levante-EMV (14\/12\/2020)<\/p><\/div><\/div>\t\t\t\t<\/div>\n\t\t\t\t<\/div>\n\t\t\t\t<div class=\"elementor-element elementor-element-c40c11e elementor-widget elementor-widget-image-box\" data-id=\"c40c11e\" data-element_type=\"widget\" data-e-type=\"widget\" data-widget_type=\"image-box.default\">\n\t\t\t\t<div class=\"elementor-widget-container\">\n\t\t\t\t\t<div class=\"elementor-image-box-wrapper\"><div class=\"elementor-image-box-content\"><h1 class=\"elementor-image-box-title\"><a href=\"https:\/\/www.levante-emv.com\/comunitat-valenciana\/2020\/05\/30\/encuentran-primeros-12-cuerpos-fosa-11437806.html\" target=\"_blank\">Encuentran los primeros 12 cuerpos en la fosa 111 de Paterna<\/a><\/h1><p class=\"elementor-image-box-description\">elDiario.es (19\/07\/2020)<\/p><\/div><\/div>\t\t\t\t<\/div>\n\t\t\t\t<\/div>\n\t\t\t\t<div class=\"elementor-element elementor-element-84247e1 elementor-widget elementor-widget-image-box\" data-id=\"84247e1\" data-element_type=\"widget\" data-e-type=\"widget\" data-widget_type=\"image-box.default\">\n\t\t\t\t<div class=\"elementor-widget-container\">\n\t\t\t\t\t<div class=\"elementor-image-box-wrapper\"><div class=\"elementor-image-box-content\"><h1 class=\"elementor-image-box-title\"><a href=\"https:\/\/www.eldiario.es\/comunitat-valenciana\/excavacion-fosa-paterna-localiza-77-cuerpos-represaliados-franquismo-meses-trabajo_1_6103014.html\" target=\"_blank\">La excavaci\u00f3n de una fosa en Paterna localiza 77 cuerpos de represaliados por el franquismo en dos meses de trabajo<\/a><\/h1><p class=\"elementor-image-box-description\">Levante-EMV (30\/05\/2020)<\/p><\/div><\/div>\t\t\t\t<\/div>\n\t\t\t\t<\/div>\n\t\t\t\t<div class=\"elementor-element elementor-element-a930257 elementor-widget elementor-widget-image-box\" data-id=\"a930257\" data-element_type=\"widget\" data-e-type=\"widget\" data-widget_type=\"image-box.default\">\n\t\t\t\t<div class=\"elementor-widget-container\">\n\t\t\t\t\t<div class=\"elementor-image-box-wrapper\"><div class=\"elementor-image-box-content\"><h1 class=\"elementor-image-box-title\"><a href=\"https:\/\/cadenaser.com\/emisora\/2020\/03\/01\/radio_valencia\/1583070873_939928.html\" target=\"_blank\">La Fosa 22 de Paterna recupera la memoria de treinta v\u00edctimas del franquismo<\/a><\/h1><p class=\"elementor-image-box-description\">cadenaser.com por Joansa Bohigues (01\/03\/2020)<\/p><\/div><\/div>\t\t\t\t<\/div>\n\t\t\t\t<\/div>\n\t\t\t\t\t<\/div>\n\t\t<\/div>\n\t\t\t\t\t<\/div>\n\t\t<\/section>\n\t\t\t\t\t<\/div>\n\t\t<\/div>\n\t\t\t\t\t<\/div>\n\t\t<\/section>\n\t\t\t\t<section class=\"elementor-section elementor-top-section elementor-element elementor-element-ea15af8 elementor-section-boxed elementor-section-height-default elementor-section-height-default\" data-id=\"ea15af8\" data-element_type=\"section\" data-e-type=\"section\">\n\t\t\t\t\t\t<div class=\"elementor-container elementor-column-gap-default\">\n\t\t\t\t\t<div class=\"elementor-column elementor-col-100 elementor-top-column elementor-element elementor-element-9e31b29\" data-id=\"9e31b29\" data-element_type=\"column\" data-e-type=\"column\">\n\t\t\t<div class=\"elementor-widget-wrap elementor-element-populated\">\n\t\t\t\t\t\t<div class=\"elementor-element elementor-element-39c3fe9 elementor-widget elementor-widget-heading\" data-id=\"39c3fe9\" data-element_type=\"widget\" data-e-type=\"widget\" data-widget_type=\"heading.default\">\n\t\t\t\t<div class=\"elementor-widget-container\">\n\t\t\t\t\t<h1 class=\"elementor-heading-title elementor-size-medium\">2019<\/h1>\t\t\t\t<\/div>\n\t\t\t\t<\/div>\n\t\t\t\t\t<\/div>\n\t\t<\/div>\n\t\t\t\t\t<\/div>\n\t\t<\/section>\n\t\t\t\t<section class=\"elementor-section elementor-top-section elementor-element elementor-element-88877a1 elementor-section-boxed elementor-section-height-default elementor-section-height-default\" data-id=\"88877a1\" data-element_type=\"section\" data-e-type=\"section\">\n\t\t\t\t\t\t<div class=\"elementor-container elementor-column-gap-default\">\n\t\t\t\t\t<div class=\"elementor-column elementor-col-100 elementor-top-column elementor-element elementor-element-818e795\" data-id=\"818e795\" data-element_type=\"column\" data-e-type=\"column\">\n\t\t\t<div class=\"elementor-widget-wrap elementor-element-populated\">\n\t\t\t\t\t\t<div class=\"elementor-element elementor-element-16fbaa3 elementor-widget-divider--view-line elementor-widget elementor-widget-divider\" data-id=\"16fbaa3\" data-element_type=\"widget\" data-e-type=\"widget\" data-widget_type=\"divider.default\">\n\t\t\t\t<div class=\"elementor-widget-container\">\n\t\t\t\t\t\t\t<div class=\"elementor-divider\">\n\t\t\t<span class=\"elementor-divider-separator\">\n\t\t\t\t\t\t<\/span>\n\t\t<\/div>\n\t\t\t\t\t\t<\/div>\n\t\t\t\t<\/div>\n\t\t\t\t\t<\/div>\n\t\t<\/div>\n\t\t\t\t\t<\/div>\n\t\t<\/section>\n\t\t\t\t<section class=\"elementor-section elementor-top-section elementor-element elementor-element-333acb6 elementor-section-boxed elementor-section-height-default elementor-section-height-default\" data-id=\"333acb6\" data-element_type=\"section\" data-e-type=\"section\">\n\t\t\t\t\t\t<div class=\"elementor-container elementor-column-gap-default\">\n\t\t\t\t\t<div class=\"elementor-column elementor-col-100 elementor-top-column elementor-element elementor-element-fb46a45\" data-id=\"fb46a45\" data-element_type=\"column\" data-e-type=\"column\">\n\t\t\t<div class=\"elementor-widget-wrap elementor-element-populated\">\n\t\t\t\t\t\t<section class=\"elementor-section elementor-inner-section elementor-element elementor-element-2da4098 elementor-section-boxed elementor-section-height-default elementor-section-height-default\" data-id=\"2da4098\" data-element_type=\"section\" data-e-type=\"section\">\n\t\t\t\t\t\t<div class=\"elementor-container elementor-column-gap-wide\">\n\t\t\t\t\t<div class=\"elementor-column elementor-col-50 elementor-inner-column elementor-element elementor-element-657478b\" data-id=\"657478b\" data-element_type=\"column\" data-e-type=\"column\">\n\t\t\t<div class=\"elementor-widget-wrap elementor-element-populated\">\n\t\t\t\t\t\t<div class=\"elementor-element elementor-element-0c1b7e8 elementor-vertical-align-middle elementor-widget elementor-widget-image-box\" data-id=\"0c1b7e8\" data-element_type=\"widget\" data-e-type=\"widget\" data-widget_type=\"image-box.default\">\n\t\t\t\t<div class=\"elementor-widget-container\">\n\t\t\t\t\t<div class=\"elementor-image-box-wrapper\"><div class=\"elementor-image-box-content\"><h1 class=\"elementor-image-box-title\"><a href=\"https:\/\/www.europapress.es\/comunitat-valenciana\/noticia-familiares-fusilados-paterna-crean-federacion-acelerar-exhumaciones-justicia-llegue-vivos-20190306153004.html\" target=\"_blank\">Familiares de fusilados de Paterna crean una federaci\u00f3n para acelerar exhumaciones: \"Que la Justicia llegue a los vivos\"<\/a><\/h1><p class=\"elementor-image-box-description\">Europa Press (06\/03\/2019)<\/p><\/div><\/div>\t\t\t\t<\/div>\n\t\t\t\t<\/div>\n\t\t\t\t<div class=\"elementor-element elementor-element-9a3de7e elementor-vertical-align-middle elementor-widget elementor-widget-image-box\" data-id=\"9a3de7e\" data-element_type=\"widget\" data-e-type=\"widget\" data-widget_type=\"image-box.default\">\n\t\t\t\t<div class=\"elementor-widget-container\">\n\t\t\t\t\t<div class=\"elementor-image-box-wrapper\"><div class=\"elementor-image-box-content\"><h3 class=\"elementor-image-box-title\"><a href=\"https:\/\/www.levante-emv.com\/horta\/2019\/04\/11\/paterna-pide-gobierno-entrar-plan-13958595.html\" target=\"_blank\">Paterna pide al Gobierno entrar en el plan de choque de apertura de fosas<\/a><\/h3><p class=\"elementor-image-box-description\">Levante-EMV (11\/04\/2019) por Laura Sena<\/p><\/div><\/div>\t\t\t\t<\/div>\n\t\t\t\t<\/div>\n\t\t\t\t<div class=\"elementor-element elementor-element-cc1e86b elementor-vertical-align-middle elementor-widget elementor-widget-image-box\" data-id=\"cc1e86b\" data-element_type=\"widget\" data-e-type=\"widget\" data-widget_type=\"image-box.default\">\n\t\t\t\t<div class=\"elementor-widget-container\">\n\t\t\t\t\t<div class=\"elementor-image-box-wrapper\"><div class=\"elementor-image-box-content\"><h3 class=\"elementor-image-box-title\"><a href=\"https:\/\/www.levante-emv.com\/comunitat-valenciana\/2019\/07\/23\/proponen-unico-mausoleo-depositar-restos-14013668.html\" target=\"_blank\">Proponen un \u00fanico mausoleo para depositar los restos de las fosas de Paterna<\/a><\/h3><p class=\"elementor-image-box-description\">Levante-EMT (23\/07\/2019) por Sonia Garc\u00eda<\/p><\/div><\/div>\t\t\t\t<\/div>\n\t\t\t\t<\/div>\n\t\t\t\t<div class=\"elementor-element elementor-element-cd31c73 elementor-vertical-align-middle elementor-widget elementor-widget-image-box\" data-id=\"cd31c73\" data-element_type=\"widget\" data-e-type=\"widget\" data-widget_type=\"image-box.default\">\n\t\t\t\t<div class=\"elementor-widget-container\">\n\t\t\t\t\t<div class=\"elementor-image-box-wrapper\"><div class=\"elementor-image-box-content\"><h3 class=\"elementor-image-box-title\"><a href=\"https:\/\/www.hortanoticias.com\/las-fosas-de-paterna-incorporan-560-denuncias-a-la-querella-argentina\/\" target=\"_blank\">Los familiares de los ajusticiados por el franquismo en Paterna: \"No se trata de reabrir heridas, ni es por odio ni rencor, lo que queremos es justicia y reparaci\u00f3n\"<\/a><\/h3><p class=\"elementor-image-box-description\">elDiario.es (18\/08\/2019) por Miguel Gim\u00e9nez<\/p><\/div><\/div>\t\t\t\t<\/div>\n\t\t\t\t<\/div>\n\t\t\t\t\t<\/div>\n\t\t<\/div>\n\t\t\t\t<div class=\"elementor-column elementor-col-50 elementor-inner-column elementor-element elementor-element-e24069c\" data-id=\"e24069c\" data-element_type=\"column\" data-e-type=\"column\">\n\t\t\t<div class=\"elementor-widget-wrap elementor-element-populated\">\n\t\t\t\t\t\t<div class=\"elementor-element elementor-element-cea04dc elementor-vertical-align-middle elementor-widget elementor-widget-image-box\" data-id=\"cea04dc\" data-element_type=\"widget\" data-e-type=\"widget\" data-widget_type=\"image-box.default\">\n\t\t\t\t<div class=\"elementor-widget-container\">\n\t\t\t\t\t<div class=\"elementor-image-box-wrapper\"><div class=\"elementor-image-box-content\"><h3 class=\"elementor-image-box-title\"><a href=\"https:\/\/www.levante-emv.com\/comunitat-valenciana\/2019\/04\/14\/voz-republicana-alza-memoria-fusilados-13958241.html\" target=\"_blank\">La voz republicana se alza en memoria de los fusilados<\/a><\/h3><p class=\"elementor-image-box-description\">Levante-EMT (14\/04\/2019) por Sandra Urbina<\/p><\/div><\/div>\t\t\t\t<\/div>\n\t\t\t\t<\/div>\n\t\t\t\t<div class=\"elementor-element elementor-element-2394f61 elementor-position-top elementor-widget elementor-widget-image-box\" data-id=\"2394f61\" data-element_type=\"widget\" data-e-type=\"widget\" data-widget_type=\"image-box.default\">\n\t\t\t\t<div class=\"elementor-widget-container\">\n\t\t\t\t\t<div class=\"elementor-image-box-wrapper\"><figure class=\"elementor-image-box-img\"><a href=\"https:\/\/www.facebook.com\/eva.manez\/posts\/10216679119482933\" target=\"_blank\" tabindex=\"-1\"><img loading=\"lazy\" decoding=\"async\" width=\"960\" height=\"640\" src=\"https:\/\/plataformafosaspaterna.org\/wp-content\/uploads\/2020\/12\/14-de-abril_eva-manez.jpg\" class=\"attachment-full size-full wp-image-1942\" alt=\"\" srcset=\"https:\/\/plataformafosaspaterna.org\/wp-content\/uploads\/2020\/12\/14-de-abril_eva-manez.jpg 960w, https:\/\/plataformafosaspaterna.org\/wp-content\/uploads\/2020\/12\/14-de-abril_eva-manez-300x200.jpg 300w, https:\/\/plataformafosaspaterna.org\/wp-content\/uploads\/2020\/12\/14-de-abril_eva-manez-768x512.jpg 768w, https:\/\/plataformafosaspaterna.org\/wp-content\/uploads\/2020\/12\/14-de-abril_eva-manez-930x620.jpg 930w\" sizes=\"(max-width: 960px) 100vw, 960px\" \/><\/a><\/figure><div class=\"elementor-image-box-content\"><h3 class=\"elementor-image-box-title\"><a href=\"https:\/\/www.facebook.com\/eva.manez\/posts\/10216679119482933\" target=\"_blank\">Facebook: fotos de Eva Ma\u00f1ez<\/a><\/h3><p class=\"elementor-image-box-description\">14\/04\/2019<\/p><\/div><\/div>\t\t\t\t<\/div>\n\t\t\t\t<\/div>\n\t\t\t\t\t<\/div>\n\t\t<\/div>\n\t\t\t\t\t<\/div>\n\t\t<\/section>\n\t\t\t\t\t<\/div>\n\t\t<\/div>\n\t\t\t\t\t<\/div>\n\t\t<\/section>\n\t\t\t\t<section class=\"elementor-section elementor-top-section elementor-element elementor-element-f855488 elementor-section-boxed elementor-section-height-default elementor-section-height-default\" data-id=\"f855488\" data-element_type=\"section\" data-e-type=\"section\">\n\t\t\t\t\t\t<div class=\"elementor-container elementor-column-gap-default\">\n\t\t\t\t\t<div class=\"elementor-column elementor-col-100 elementor-top-column elementor-element elementor-element-f518d2c\" data-id=\"f518d2c\" data-element_type=\"column\" data-e-type=\"column\">\n\t\t\t<div class=\"elementor-widget-wrap elementor-element-populated\">\n\t\t\t\t\t\t<div class=\"elementor-element elementor-element-14d7243 elementor-widget elementor-widget-heading\" data-id=\"14d7243\" data-element_type=\"widget\" data-e-type=\"widget\" data-widget_type=\"heading.default\">\n\t\t\t\t<div class=\"elementor-widget-container\">\n\t\t\t\t\t<h1 class=\"elementor-heading-title elementor-size-medium\">PUBLICACIONES EN FACEBOOK DE ALGUNAS DE LAS CONCENTRACIONES QUE HEMOS HECHO EN LA PLAZA DE LA VIRGEN DURANTE 2019<\/h1>\t\t\t\t<\/div>\n\t\t\t\t<\/div>\n\t\t\t\t\t<\/div>\n\t\t<\/div>\n\t\t\t\t\t<\/div>\n\t\t<\/section>\n\t\t\t\t<section class=\"elementor-section elementor-top-section elementor-element elementor-element-3da6ff2 elementor-section-boxed elementor-section-height-default elementor-section-height-default\" data-id=\"3da6ff2\" data-element_type=\"section\" data-e-type=\"section\">\n\t\t\t\t\t\t<div class=\"elementor-container elementor-column-gap-default\">\n\t\t\t\t\t<div class=\"elementor-column elementor-col-100 elementor-top-column elementor-element elementor-element-2dc32d5\" data-id=\"2dc32d5\" data-element_type=\"column\" data-e-type=\"column\">\n\t\t\t<div class=\"elementor-widget-wrap elementor-element-populated\">\n\t\t\t\t\t\t<div class=\"elementor-element elementor-element-6e5e70f elementor-widget-divider--view-line elementor-widget elementor-widget-divider\" data-id=\"6e5e70f\" data-element_type=\"widget\" data-e-type=\"widget\" data-widget_type=\"divider.default\">\n\t\t\t\t<div class=\"elementor-widget-container\">\n\t\t\t\t\t\t\t<div class=\"elementor-divider\">\n\t\t\t<span class=\"elementor-divider-separator\">\n\t\t\t\t\t\t<\/span>\n\t\t<\/div>\n\t\t\t\t\t\t<\/div>\n\t\t\t\t<\/div>\n\t\t\t\t\t<\/div>\n\t\t<\/div>\n\t\t\t\t\t<\/div>\n\t\t<\/section>\n\t\t\t\t<section class=\"elementor-section elementor-top-section elementor-element elementor-element-b52d519 elementor-section-boxed elementor-section-height-default elementor-section-height-default\" data-id=\"b52d519\" data-element_type=\"section\" data-e-type=\"section\">\n\t\t\t\t\t\t<div class=\"elementor-container elementor-column-gap-default\">\n\t\t\t\t\t<div class=\"elementor-column elementor-col-100 elementor-top-column elementor-element elementor-element-9804a47\" data-id=\"9804a47\" data-element_type=\"column\" data-e-type=\"column\">\n\t\t\t<div class=\"elementor-widget-wrap elementor-element-populated\">\n\t\t\t\t\t\t<section class=\"elementor-section elementor-inner-section elementor-element elementor-element-817f995 elementor-section-boxed elementor-section-height-default elementor-section-height-default\" data-id=\"817f995\" data-element_type=\"section\" data-e-type=\"section\">\n\t\t\t\t\t\t<div class=\"elementor-container elementor-column-gap-wide\">\n\t\t\t\t\t<div class=\"elementor-column elementor-col-50 elementor-inner-column elementor-element elementor-element-4f2b1ca\" data-id=\"4f2b1ca\" data-element_type=\"column\" data-e-type=\"column\">\n\t\t\t<div class=\"elementor-widget-wrap elementor-element-populated\">\n\t\t\t\t\t\t<div class=\"elementor-element elementor-element-5917e52 elementor-vertical-align-bottom elementor-position-left elementor-widget elementor-widget-image-box\" data-id=\"5917e52\" data-element_type=\"widget\" data-e-type=\"widget\" data-widget_type=\"image-box.default\">\n\t\t\t\t<div class=\"elementor-widget-container\">\n\t\t\t\t\t<div class=\"elementor-image-box-wrapper\"><figure class=\"elementor-image-box-img\"><a href=\"https:\/\/www.facebook.com\/fotovideosocialvalencia\/photos\/?tab=album&#038;album_id=1975264425856351\" target=\"_blank\" tabindex=\"-1\"><img loading=\"lazy\" decoding=\"async\" width=\"300\" height=\"202\" src=\"https:\/\/plataformafosaspaterna.org\/wp-content\/uploads\/2020\/12\/cartel-concentracion-3-300x202.jpg\" class=\"attachment-medium size-medium wp-image-2018\" alt=\"\" srcset=\"https:\/\/plataformafosaspaterna.org\/wp-content\/uploads\/2020\/12\/cartel-concentracion-3-300x202.jpg 300w, https:\/\/plataformafosaspaterna.org\/wp-content\/uploads\/2020\/12\/cartel-concentracion-3.jpg 716w\" sizes=\"(max-width: 300px) 100vw, 300px\" \/><\/a><\/figure><div class=\"elementor-image-box-content\"><h3 class=\"elementor-image-box-title\"><a href=\"https:\/\/www.facebook.com\/fotovideosocialvalencia\/photos\/?tab=album&#038;album_id=1975264425856351\" target=\"_blank\">fotos de Gabriel Rodr\u00edguez<\/a><\/h3><p class=\"elementor-image-box-description\">25\/01\/2019<\/p><\/div><\/div>\t\t\t\t<\/div>\n\t\t\t\t<\/div>\n\t\t\t\t<div class=\"elementor-element elementor-element-3ddb865 elementor-vertical-align-bottom elementor-position-left elementor-widget elementor-widget-image-box\" data-id=\"3ddb865\" data-element_type=\"widget\" data-e-type=\"widget\" data-widget_type=\"image-box.default\">\n\t\t\t\t<div class=\"elementor-widget-container\">\n\t\t\t\t\t<div class=\"elementor-image-box-wrapper\"><figure class=\"elementor-image-box-img\"><a href=\"https:\/\/www.facebook.com\/fotovideosocialvalencia\/photos\/?tab=album&#038;album_id=2063130523736407\" target=\"_blank\" tabindex=\"-1\"><img loading=\"lazy\" decoding=\"async\" width=\"960\" height=\"630\" src=\"https:\/\/plataformafosaspaterna.org\/wp-content\/uploads\/2020\/12\/cartel-concentracion2.jpg\" class=\"attachment-full size-full wp-image-2014\" alt=\"\" srcset=\"https:\/\/plataformafosaspaterna.org\/wp-content\/uploads\/2020\/12\/cartel-concentracion2.jpg 960w, https:\/\/plataformafosaspaterna.org\/wp-content\/uploads\/2020\/12\/cartel-concentracion2-300x197.jpg 300w, https:\/\/plataformafosaspaterna.org\/wp-content\/uploads\/2020\/12\/cartel-concentracion2-768x504.jpg 768w\" sizes=\"(max-width: 960px) 100vw, 960px\" \/><\/a><\/figure><div class=\"elementor-image-box-content\"><h3 class=\"elementor-image-box-title\"><a href=\"https:\/\/www.facebook.com\/fotovideosocialvalencia\/photos\/?tab=album&#038;album_id=2063130523736407\" target=\"_blank\">fotos de Gabriel Rodr\u00edguez<\/a><\/h3><p class=\"elementor-image-box-description\">29\/03\/2019<\/p><\/div><\/div>\t\t\t\t<\/div>\n\t\t\t\t<\/div>\n\t\t\t\t<div class=\"elementor-element elementor-element-141896e elementor-vertical-align-bottom elementor-position-left elementor-widget elementor-widget-image-box\" data-id=\"141896e\" data-element_type=\"widget\" data-e-type=\"widget\" data-widget_type=\"image-box.default\">\n\t\t\t\t<div class=\"elementor-widget-container\">\n\t\t\t\t\t<div class=\"elementor-image-box-wrapper\"><figure class=\"elementor-image-box-img\"><a href=\"https:\/\/www.facebook.com\/vicente.carrionmartinez\/posts\/2906882416094998\" target=\"_blank\" tabindex=\"-1\"><img loading=\"lazy\" decoding=\"async\" width=\"1920\" height=\"1284\" src=\"https:\/\/plataformafosaspaterna.org\/wp-content\/uploads\/2020\/12\/concentracion_vicente-carrion.jpg\" class=\"attachment-full size-full wp-image-2007\" alt=\"\" srcset=\"https:\/\/plataformafosaspaterna.org\/wp-content\/uploads\/2020\/12\/concentracion_vicente-carrion.jpg 1920w, https:\/\/plataformafosaspaterna.org\/wp-content\/uploads\/2020\/12\/concentracion_vicente-carrion-300x201.jpg 300w, https:\/\/plataformafosaspaterna.org\/wp-content\/uploads\/2020\/12\/concentracion_vicente-carrion-1024x685.jpg 1024w, https:\/\/plataformafosaspaterna.org\/wp-content\/uploads\/2020\/12\/concentracion_vicente-carrion-768x514.jpg 768w, https:\/\/plataformafosaspaterna.org\/wp-content\/uploads\/2020\/12\/concentracion_vicente-carrion-1536x1027.jpg 1536w\" sizes=\"(max-width: 1920px) 100vw, 1920px\" \/><\/a><\/figure><div class=\"elementor-image-box-content\"><h3 class=\"elementor-image-box-title\"><a href=\"https:\/\/www.facebook.com\/vicente.carrionmartinez\/posts\/2906882416094998\" target=\"_blank\">fotos de Vicente Carri\u00f3n<\/a><\/h3><p class=\"elementor-image-box-description\">02\/06\/2019<\/p><\/div><\/div>\t\t\t\t<\/div>\n\t\t\t\t<\/div>\n\t\t\t\t\t<\/div>\n\t\t<\/div>\n\t\t\t\t<div class=\"elementor-column elementor-col-50 elementor-inner-column elementor-element elementor-element-a4f0f11\" data-id=\"a4f0f11\" data-element_type=\"column\" data-e-type=\"column\">\n\t\t\t<div class=\"elementor-widget-wrap elementor-element-populated\">\n\t\t\t\t\t\t<div class=\"elementor-element elementor-element-f3143a8 elementor-vertical-align-bottom elementor-position-left elementor-widget elementor-widget-image-box\" data-id=\"f3143a8\" data-element_type=\"widget\" data-e-type=\"widget\" data-widget_type=\"image-box.default\">\n\t\t\t\t<div class=\"elementor-widget-container\">\n\t\t\t\t\t<div class=\"elementor-image-box-wrapper\"><figure class=\"elementor-image-box-img\"><a href=\"https:\/\/www.facebook.com\/fotovideosocialvalencia\/photos\/a.2103645623018230\/2103645739684885\" target=\"_blank\" tabindex=\"-1\"><img loading=\"lazy\" decoding=\"async\" width=\"960\" height=\"960\" src=\"https:\/\/plataformafosaspaterna.org\/wp-content\/uploads\/2020\/12\/cartel-concentracion3.jpg\" class=\"attachment-full size-full wp-image-2015\" alt=\"\" srcset=\"https:\/\/plataformafosaspaterna.org\/wp-content\/uploads\/2020\/12\/cartel-concentracion3.jpg 960w, https:\/\/plataformafosaspaterna.org\/wp-content\/uploads\/2020\/12\/cartel-concentracion3-300x300.jpg 300w, https:\/\/plataformafosaspaterna.org\/wp-content\/uploads\/2020\/12\/cartel-concentracion3-150x150.jpg 150w, https:\/\/plataformafosaspaterna.org\/wp-content\/uploads\/2020\/12\/cartel-concentracion3-768x768.jpg 768w\" sizes=\"(max-width: 960px) 100vw, 960px\" \/><\/a><\/figure><div class=\"elementor-image-box-content\"><h3 class=\"elementor-image-box-title\"><a href=\"https:\/\/www.facebook.com\/fotovideosocialvalencia\/photos\/a.2103645623018230\/2103645739684885\" target=\"_blank\">fotos de Gabriel Rodr\u00edguez<\/a><\/h3><p class=\"elementor-image-box-description\">26\/04\/2019<\/p><\/div><\/div>\t\t\t\t<\/div>\n\t\t\t\t<\/div>\n\t\t\t\t<div class=\"elementor-element elementor-element-879e43a elementor-vertical-align-bottom elementor-position-left elementor-widget elementor-widget-image-box\" data-id=\"879e43a\" data-element_type=\"widget\" data-e-type=\"widget\" data-widget_type=\"image-box.default\">\n\t\t\t\t<div class=\"elementor-widget-container\">\n\t\t\t\t\t<div class=\"elementor-image-box-wrapper\"><figure class=\"elementor-image-box-img\"><a href=\"https:\/\/www.facebook.com\/fotovideosocialvalencia\/photos\/a.2157672900948835\/2157672987615493\" target=\"_blank\" tabindex=\"-1\"><img loading=\"lazy\" decoding=\"async\" width=\"893\" height=\"960\" src=\"https:\/\/plataformafosaspaterna.org\/wp-content\/uploads\/2020\/12\/cartel-concentracion4.jpg\" class=\"attachment-full size-full wp-image-2019\" alt=\"\" srcset=\"https:\/\/plataformafosaspaterna.org\/wp-content\/uploads\/2020\/12\/cartel-concentracion4.jpg 893w, https:\/\/plataformafosaspaterna.org\/wp-content\/uploads\/2020\/12\/cartel-concentracion4-279x300.jpg 279w, https:\/\/plataformafosaspaterna.org\/wp-content\/uploads\/2020\/12\/cartel-concentracion4-768x826.jpg 768w\" sizes=\"(max-width: 893px) 100vw, 893px\" \/><\/a><\/figure><div class=\"elementor-image-box-content\"><h3 class=\"elementor-image-box-title\"><a href=\"https:\/\/www.facebook.com\/fotovideosocialvalencia\/photos\/a.2157672900948835\/2157672987615493\" target=\"_blank\">fotos de Gabriel Rodr\u00edguez<\/a><\/h3><p class=\"elementor-image-box-description\">31\/05\/2019<\/p><\/div><\/div>\t\t\t\t<\/div>\n\t\t\t\t<\/div>\n\t\t\t\t\t<\/div>\n\t\t<\/div>\n\t\t\t\t\t<\/div>\n\t\t<\/section>\n\t\t\t\t\t<\/div>\n\t\t<\/div>\n\t\t\t\t\t<\/div>\n\t\t<\/section>\n\t\t\t\t<section class=\"elementor-section elementor-top-section elementor-element elementor-element-76e7170 elementor-section-boxed elementor-section-height-default elementor-section-height-default\" data-id=\"76e7170\" data-element_type=\"section\" data-e-type=\"section\">\n\t\t\t\t\t\t<div class=\"elementor-container elementor-column-gap-default\">\n\t\t\t\t\t<div class=\"elementor-column elementor-col-100 elementor-top-column elementor-element elementor-element-41f4abc\" data-id=\"41f4abc\" data-element_type=\"column\" data-e-type=\"column\">\n\t\t\t<div class=\"elementor-widget-wrap elementor-element-populated\">\n\t\t\t\t\t\t<div class=\"elementor-element elementor-element-d387901 elementor-widget elementor-widget-heading\" data-id=\"d387901\" data-element_type=\"widget\" data-e-type=\"widget\" data-widget_type=\"heading.default\">\n\t\t\t\t<div class=\"elementor-widget-container\">\n\t\t\t\t\t<h1 class=\"elementor-heading-title elementor-size-medium\">2018<\/h1>\t\t\t\t<\/div>\n\t\t\t\t<\/div>\n\t\t\t\t\t<\/div>\n\t\t<\/div>\n\t\t\t\t\t<\/div>\n\t\t<\/section>\n\t\t\t\t<section class=\"elementor-section elementor-top-section elementor-element elementor-element-40da501 elementor-section-boxed elementor-section-height-default elementor-section-height-default\" data-id=\"40da501\" data-element_type=\"section\" data-e-type=\"section\">\n\t\t\t\t\t\t<div class=\"elementor-container elementor-column-gap-default\">\n\t\t\t\t\t<div class=\"elementor-column elementor-col-100 elementor-top-column elementor-element elementor-element-dc8b076\" data-id=\"dc8b076\" data-element_type=\"column\" data-e-type=\"column\">\n\t\t\t<div class=\"elementor-widget-wrap elementor-element-populated\">\n\t\t\t\t\t\t<div class=\"elementor-element elementor-element-d4dd8e5 elementor-widget-divider--view-line elementor-widget elementor-widget-divider\" data-id=\"d4dd8e5\" data-element_type=\"widget\" data-e-type=\"widget\" data-widget_type=\"divider.default\">\n\t\t\t\t<div class=\"elementor-widget-container\">\n\t\t\t\t\t\t\t<div class=\"elementor-divider\">\n\t\t\t<span class=\"elementor-divider-separator\">\n\t\t\t\t\t\t<\/span>\n\t\t<\/div>\n\t\t\t\t\t\t<\/div>\n\t\t\t\t<\/div>\n\t\t\t\t\t<\/div>\n\t\t<\/div>\n\t\t\t\t\t<\/div>\n\t\t<\/section>\n\t\t\t\t<section class=\"elementor-section elementor-top-section elementor-element elementor-element-d865a25 elementor-section-boxed elementor-section-height-default elementor-section-height-default\" data-id=\"d865a25\" data-element_type=\"section\" data-e-type=\"section\">\n\t\t\t\t\t\t<div class=\"elementor-container elementor-column-gap-default\">\n\t\t\t\t\t<div class=\"elementor-column elementor-col-100 elementor-top-column elementor-element elementor-element-ec42774\" data-id=\"ec42774\" data-element_type=\"column\" data-e-type=\"column\">\n\t\t\t<div class=\"elementor-widget-wrap elementor-element-populated\">\n\t\t\t\t\t\t<section class=\"elementor-section elementor-inner-section elementor-element elementor-element-00c6426 elementor-section-boxed elementor-section-height-default elementor-section-height-default\" data-id=\"00c6426\" data-element_type=\"section\" data-e-type=\"section\">\n\t\t\t\t\t\t<div class=\"elementor-container elementor-column-gap-default\">\n\t\t\t\t\t<div class=\"elementor-column elementor-col-50 elementor-inner-column elementor-element elementor-element-2f05fd8\" data-id=\"2f05fd8\" data-element_type=\"column\" data-e-type=\"column\">\n\t\t\t<div class=\"elementor-widget-wrap elementor-element-populated\">\n\t\t\t\t\t\t<div class=\"elementor-element elementor-element-b631253 elementor-vertical-align-middle elementor-widget elementor-widget-image-box\" data-id=\"b631253\" data-element_type=\"widget\" data-e-type=\"widget\" data-widget_type=\"image-box.default\">\n\t\t\t\t<div class=\"elementor-widget-container\">\n\t\t\t\t\t<div class=\"elementor-image-box-wrapper\"><div class=\"elementor-image-box-content\"><h1 class=\"elementor-image-box-title\"><a href=\"https:\/\/www.eldiario.es\/comunitat-valenciana\/politica\/familiares-franquismo-paterna-eurocamara-responsables_1_1854910.html\" target=\"_blank\">Familiares de los fusilados por el franquismo en Paterna se quejan a la Euroc\u00e1mara de la \"impunidad\" de los responsables<\/a><\/h1><p class=\"elementor-image-box-description\">elDiario.es (08\/11\/2018) por Toni Cuquerella<\/p><\/div><\/div>\t\t\t\t<\/div>\n\t\t\t\t<\/div>\n\t\t\t\t<div class=\"elementor-element elementor-element-468903b elementor-vertical-align-middle elementor-widget elementor-widget-image-box\" data-id=\"468903b\" data-element_type=\"widget\" data-e-type=\"widget\" data-widget_type=\"image-box.default\">\n\t\t\t\t<div class=\"elementor-widget-container\">\n\t\t\t\t\t<div class=\"elementor-image-box-wrapper\"><div class=\"elementor-image-box-content\"><h3 class=\"elementor-image-box-title\"><a href=\"https:\/\/elpais.com\/ccaa\/2018\/09\/07\/valencia\/1536324819_589068.html\" target=\"_blank\">Familiares de represaliados del franquismo pedir\u00e1n amparo al Parlamento Europeo<\/a><\/h3><p class=\"elementor-image-box-description\">El Pa\u00eds (07\/09\/2018) por Cristina V\u00e1zquez<\/p><\/div><\/div>\t\t\t\t<\/div>\n\t\t\t\t<\/div>\n\t\t\t\t<div class=\"elementor-element elementor-element-cc11547 elementor-vertical-align-middle elementor-widget elementor-widget-image-box\" data-id=\"cc11547\" data-element_type=\"widget\" data-e-type=\"widget\" data-widget_type=\"image-box.default\">\n\t\t\t\t<div class=\"elementor-widget-container\">\n\t\t\t\t\t<div class=\"elementor-image-box-wrapper\"><div class=\"elementor-image-box-content\"><h3 class=\"elementor-image-box-title\"><a href=\"https:\/\/afondo.levante-emv.com\/comunitat-valenciana\/las-fosas-de-paterna.html?fbclid=IwAR0soOC-9p0jGPBx4tXwczUGKdHwTdOuhOvNsBk34d3AircsPH5Qe-6A8Mw\" target=\"_blank\">Las v\u00edctimas franquistas de Paterna buscan amparo en Bruselas<\/a><\/h3><p class=\"elementor-image-box-description\">Levante-EMV (reportaje de Sandra Urbina)<\/p><\/div><\/div>\t\t\t\t<\/div>\n\t\t\t\t<\/div>\n\t\t\t\t<div class=\"elementor-element elementor-element-34a08e2 elementor-position-right elementor-vertical-align-middle elementor-widget elementor-widget-image-box\" data-id=\"34a08e2\" data-element_type=\"widget\" data-e-type=\"widget\" data-widget_type=\"image-box.default\">\n\t\t\t\t<div class=\"elementor-widget-container\">\n\t\t\t\t\t<div class=\"elementor-image-box-wrapper\"><figure class=\"elementor-image-box-img\"><a href=\"https:\/\/www.publico.es\/publico-tv\/publico-al-dia\/programa\/729648\/los-familiares-de-las-victimas-del-franquismo-en-paterna-se-suman-a-la-querella-argentina-para-condenar-los-crimenes-franquistas?force=1\" target=\"_blank\" tabindex=\"-1\"><img loading=\"lazy\" decoding=\"async\" width=\"1218\" height=\"682\" src=\"https:\/\/plataformafosaspaterna.org\/wp-content\/uploads\/2020\/12\/PublicoTV.jpg\" class=\"elementor-animation-shrink attachment-full size-full wp-image-1946\" alt=\"\" srcset=\"https:\/\/plataformafosaspaterna.org\/wp-content\/uploads\/2020\/12\/PublicoTV.jpg 1218w, https:\/\/plataformafosaspaterna.org\/wp-content\/uploads\/2020\/12\/PublicoTV-300x168.jpg 300w, https:\/\/plataformafosaspaterna.org\/wp-content\/uploads\/2020\/12\/PublicoTV-1024x573.jpg 1024w, https:\/\/plataformafosaspaterna.org\/wp-content\/uploads\/2020\/12\/PublicoTV-768x430.jpg 768w\" sizes=\"(max-width: 1218px) 100vw, 1218px\" \/><\/a><\/figure><div class=\"elementor-image-box-content\"><h1 class=\"elementor-image-box-title\"><a href=\"https:\/\/www.publico.es\/publico-tv\/publico-al-dia\/programa\/729648\/los-familiares-de-las-victimas-del-franquismo-en-paterna-se-suman-a-la-querella-argentina-para-condenar-los-crimenes-franquistas?force=1\" target=\"_blank\">Los familiares de las v\u00edctimas del franquismo en Paterna se suman a la querella argentina para condenar los cr\u00edmenes franquistas<\/a><\/h1><p class=\"elementor-image-box-description\">P\u00fablicoTV (12\/12\/2018)<\/p><\/div><\/div>\t\t\t\t<\/div>\n\t\t\t\t<\/div>\n\t\t\t\t<div class=\"elementor-element elementor-element-4ca7a12 elementor-position-top elementor-widget elementor-widget-image-box\" data-id=\"4ca7a12\" data-element_type=\"widget\" data-e-type=\"widget\" data-widget_type=\"image-box.default\">\n\t\t\t\t<div class=\"elementor-widget-container\">\n\t\t\t\t\t<div class=\"elementor-image-box-wrapper\"><figure class=\"elementor-image-box-img\"><img loading=\"lazy\" decoding=\"async\" width=\"684\" height=\"382\" src=\"https:\/\/plataformafosaspaterna.org\/wp-content\/uploads\/2020\/11\/20181212-CongresoDiputados_EmbajadaArgentina-2-copia.png\" class=\"attachment-full size-full wp-image-1656\" alt=\"\" srcset=\"https:\/\/plataformafosaspaterna.org\/wp-content\/uploads\/2020\/11\/20181212-CongresoDiputados_EmbajadaArgentina-2-copia.png 684w, https:\/\/plataformafosaspaterna.org\/wp-content\/uploads\/2020\/11\/20181212-CongresoDiputados_EmbajadaArgentina-2-copia-300x168.png 300w\" sizes=\"(max-width: 684px) 100vw, 684px\" \/><\/figure><div class=\"elementor-image-box-content\"><p class=\"elementor-image-box-description\">Unidas Podemos respalda en el Congreso la iniciativa de sumar 560 denuncias a la Querella Argentina contra el franquismo (12\/12\/1028)<\/p><\/div><\/div>\t\t\t\t<\/div>\n\t\t\t\t<\/div>\n\t\t\t\t<div class=\"elementor-element elementor-element-26ff8a0 elementor-position-top elementor-widget elementor-widget-image-box\" data-id=\"26ff8a0\" data-element_type=\"widget\" data-e-type=\"widget\" data-widget_type=\"image-box.default\">\n\t\t\t\t<div class=\"elementor-widget-container\">\n\t\t\t\t\t<div class=\"elementor-image-box-wrapper\"><figure class=\"elementor-image-box-img\"><img loading=\"lazy\" decoding=\"async\" width=\"900\" height=\"595\" src=\"https:\/\/plataformafosaspaterna.org\/wp-content\/uploads\/2020\/12\/20191221-HortaNord-1.jpg\" class=\"attachment-full size-full wp-image-1768\" alt=\"\" srcset=\"https:\/\/plataformafosaspaterna.org\/wp-content\/uploads\/2020\/12\/20191221-HortaNord-1.jpg 900w, https:\/\/plataformafosaspaterna.org\/wp-content\/uploads\/2020\/12\/20191221-HortaNord-1-300x198.jpg 300w, https:\/\/plataformafosaspaterna.org\/wp-content\/uploads\/2020\/12\/20191221-HortaNord-1-768x508.jpg 768w\" sizes=\"(max-width: 900px) 100vw, 900px\" \/><\/figure><div class=\"elementor-image-box-content\"><p class=\"elementor-image-box-description\">L'HORTA NORD (21\/12\/2018)<\/p><\/div><\/div>\t\t\t\t<\/div>\n\t\t\t\t<\/div>\n\t\t\t\t<div class=\"elementor-element elementor-element-02ce487 elementor-vertical-align-middle elementor-widget elementor-widget-image-box\" data-id=\"02ce487\" data-element_type=\"widget\" data-e-type=\"widget\" data-widget_type=\"image-box.default\">\n\t\t\t\t<div class=\"elementor-widget-container\">\n\t\t\t\t\t<div class=\"elementor-image-box-wrapper\"><div class=\"elementor-image-box-content\"><h3 class=\"elementor-image-box-title\"><a href=\"https:\/\/www.hortanoticias.com\/las-fosas-de-paterna-incorporan-560-denuncias-a-la-querella-argentina\/\" target=\"_blank\">Familiares de los 2.388 fusilados en Paterna piden sin rencor justicia y recuperar la memoria para que no vuelva a pasar<\/a><\/h3><p class=\"elementor-image-box-description\">Europa Press (13\/12\/2018)<\/p><\/div><\/div>\t\t\t\t<\/div>\n\t\t\t\t<\/div>\n\t\t\t\t\t<\/div>\n\t\t<\/div>\n\t\t\t\t<div class=\"elementor-column elementor-col-50 elementor-inner-column elementor-element elementor-element-37144b7\" data-id=\"37144b7\" data-element_type=\"column\" data-e-type=\"column\">\n\t\t\t<div class=\"elementor-widget-wrap elementor-element-populated\">\n\t\t\t\t\t\t<div class=\"elementor-element elementor-element-10cb1bd elementor-vertical-align-middle elementor-widget elementor-widget-image-box\" data-id=\"10cb1bd\" data-element_type=\"widget\" data-e-type=\"widget\" data-widget_type=\"image-box.default\">\n\t\t\t\t<div class=\"elementor-widget-container\">\n\t\t\t\t\t<div class=\"elementor-image-box-wrapper\"><div class=\"elementor-image-box-content\"><h3 class=\"elementor-image-box-title\"><a href=\"https:\/\/www.diarilaveu.com\/noticia\/85596\/familiars-victimes-fosses-paterna-eurocambra-impunitat-estat\" target=\"_blank\">Els familiars de les v\u00edctimes de les fosses de Paterna recorren a l'Eurocambra davant la \"impunitat\" a l'Estat<\/a><\/h3><p class=\"elementor-image-box-description\">Diari La Veu (07\/11\/2018)<\/p><\/div><\/div>\t\t\t\t<\/div>\n\t\t\t\t<\/div>\n\t\t\t\t<div class=\"elementor-element elementor-element-9786d16 elementor-position-right elementor-vertical-align-middle elementor-widget elementor-widget-image-box\" data-id=\"9786d16\" data-element_type=\"widget\" data-e-type=\"widget\" data-widget_type=\"image-box.default\">\n\t\t\t\t<div class=\"elementor-widget-container\">\n\t\t\t\t\t<div class=\"elementor-image-box-wrapper\"><figure class=\"elementor-image-box-img\"><a href=\"https:\/\/www.facebook.com\/diario.publico\/videos\/2076819429295778\" target=\"_blank\" tabindex=\"-1\"><img loading=\"lazy\" decoding=\"async\" width=\"1436\" height=\"812\" src=\"https:\/\/plataformafosaspaterna.org\/wp-content\/uploads\/2020\/12\/Diario-Publico-TV-9nov2018-3.jpg\" class=\"elementor-animation-shrink attachment-full size-full wp-image-1951\" alt=\"\" srcset=\"https:\/\/plataformafosaspaterna.org\/wp-content\/uploads\/2020\/12\/Diario-Publico-TV-9nov2018-3.jpg 1436w, https:\/\/plataformafosaspaterna.org\/wp-content\/uploads\/2020\/12\/Diario-Publico-TV-9nov2018-3-300x170.jpg 300w, https:\/\/plataformafosaspaterna.org\/wp-content\/uploads\/2020\/12\/Diario-Publico-TV-9nov2018-3-1024x579.jpg 1024w, https:\/\/plataformafosaspaterna.org\/wp-content\/uploads\/2020\/12\/Diario-Publico-TV-9nov2018-3-768x434.jpg 768w\" sizes=\"(max-width: 1436px) 100vw, 1436px\" \/><\/a><\/figure><div class=\"elementor-image-box-content\"><h3 class=\"elementor-image-box-title\"><a href=\"https:\/\/www.facebook.com\/diario.publico\/videos\/2076819429295778\" target=\"_blank\">Espa\u00f1a y la Memoria Hist\u00f3rica: el caso Paterna<\/a><\/h3><p class=\"elementor-image-box-description\">P\u00fablicoTV (09\/11\/2018)<\/p><\/div><\/div>\t\t\t\t<\/div>\n\t\t\t\t<\/div>\n\t\t\t\t<div class=\"elementor-element elementor-element-349ff56 elementor-position-right elementor-vertical-align-middle elementor-widget elementor-widget-image-box\" data-id=\"349ff56\" data-element_type=\"widget\" data-e-type=\"widget\" data-widget_type=\"image-box.default\">\n\t\t\t\t<div class=\"elementor-widget-container\">\n\t\t\t\t\t<div class=\"elementor-image-box-wrapper\"><figure class=\"elementor-image-box-img\"><a href=\"https:\/\/www.youtube.com\/watch?feature=player_embedded&#038;v=a0mQcuv4EE4&#038;fbclid=IwAR3taBMVSEyrRr0MxHjMmaNEZv_OtrSgkTSZimObnuh6E37KVfdPOpu_lU8&#038;app=desktop&#038;ab_channel=IzquierdaUnida\" target=\"_blank\" tabindex=\"-1\"><img loading=\"lazy\" decoding=\"async\" width=\"1188\" height=\"671\" src=\"https:\/\/plataformafosaspaterna.org\/wp-content\/uploads\/2020\/11\/Rueda_prensa_Bruselas.png\" class=\"elementor-animation-shrink attachment-full size-full wp-image-1500\" alt=\"\" srcset=\"https:\/\/plataformafosaspaterna.org\/wp-content\/uploads\/2020\/11\/Rueda_prensa_Bruselas.png 1188w, https:\/\/plataformafosaspaterna.org\/wp-content\/uploads\/2020\/11\/Rueda_prensa_Bruselas-300x169.png 300w, https:\/\/plataformafosaspaterna.org\/wp-content\/uploads\/2020\/11\/Rueda_prensa_Bruselas-1024x578.png 1024w, https:\/\/plataformafosaspaterna.org\/wp-content\/uploads\/2020\/11\/Rueda_prensa_Bruselas-768x434.png 768w\" sizes=\"(max-width: 1188px) 100vw, 1188px\" \/><\/a><\/figure><div class=\"elementor-image-box-content\"><h3 class=\"elementor-image-box-title\"><a href=\"https:\/\/www.youtube.com\/watch?feature=player_embedded&#038;v=a0mQcuv4EE4&#038;fbclid=IwAR3taBMVSEyrRr0MxHjMmaNEZv_OtrSgkTSZimObnuh6E37KVfdPOpu_lU8&#038;app=desktop&#038;ab_channel=IzquierdaUnida\" target=\"_blank\">Roda de premsa a Brussel\u00b7les de les fam\u00edlies de desapareguts en fosses comunes de Paterna<\/a><\/h3><p class=\"elementor-image-box-description\">Video publicado por Izquierda Unida (08\/11\/2018)<\/p><\/div><\/div>\t\t\t\t<\/div>\n\t\t\t\t<\/div>\n\t\t\t\t<div class=\"elementor-element elementor-element-3dc202a elementor-position-top elementor-widget elementor-widget-image-box\" data-id=\"3dc202a\" data-element_type=\"widget\" data-e-type=\"widget\" data-widget_type=\"image-box.default\">\n\t\t\t\t<div class=\"elementor-widget-container\">\n\t\t\t\t\t<div class=\"elementor-image-box-wrapper\"><figure class=\"elementor-image-box-img\"><a href=\"https:\/\/www.hortanoticias.com\/las-fosas-de-paterna-incorporan-560-denuncias-a-la-querella-argentina\/\" target=\"_blank\" tabindex=\"-1\"><img loading=\"lazy\" decoding=\"async\" width=\"718\" height=\"1065\" src=\"https:\/\/plataformafosaspaterna.org\/wp-content\/uploads\/2020\/11\/CongresoDiputados_EmbajadaArgentina.png\" class=\"attachment-full size-full wp-image-1658\" alt=\"\" srcset=\"https:\/\/plataformafosaspaterna.org\/wp-content\/uploads\/2020\/11\/CongresoDiputados_EmbajadaArgentina.png 718w, https:\/\/plataformafosaspaterna.org\/wp-content\/uploads\/2020\/11\/CongresoDiputados_EmbajadaArgentina-202x300.png 202w, https:\/\/plataformafosaspaterna.org\/wp-content\/uploads\/2020\/11\/CongresoDiputados_EmbajadaArgentina-690x1024.png 690w\" sizes=\"(max-width: 718px) 100vw, 718px\" \/><\/a><\/figure><div class=\"elementor-image-box-content\"><p class=\"elementor-image-box-description\">hortanoticias (12\/12\/2018)<\/p><\/div><\/div>\t\t\t\t<\/div>\n\t\t\t\t<\/div>\n\t\t\t\t\t<\/div>\n\t\t<\/div>\n\t\t\t\t\t<\/div>\n\t\t<\/section>\n\t\t\t\t\t<\/div>\n\t\t<\/div>\n\t\t\t\t\t<\/div>\n\t\t<\/section>\n\t\t\t\t<section class=\"elementor-section elementor-top-section elementor-element elementor-element-7bce95e elementor-section-boxed elementor-section-height-default elementor-section-height-default\" data-id=\"7bce95e\" data-element_type=\"section\" data-e-type=\"section\">\n\t\t\t\t\t\t<div class=\"elementor-container elementor-column-gap-default\">\n\t\t\t\t\t<div class=\"elementor-column elementor-col-100 elementor-top-column elementor-element elementor-element-db872f2\" data-id=\"db872f2\" data-element_type=\"column\" data-e-type=\"column\">\n\t\t\t<div class=\"elementor-widget-wrap elementor-element-populated\">\n\t\t\t\t\t\t<div class=\"elementor-element elementor-element-b4da0a2 elementor-widget elementor-widget-heading\" data-id=\"b4da0a2\" data-element_type=\"widget\" data-e-type=\"widget\" data-widget_type=\"heading.default\">\n\t\t\t\t<div class=\"elementor-widget-container\">\n\t\t\t\t\t<h1 class=\"elementor-heading-title elementor-size-medium\">p\u00e1ginas web que podr\u00eda interesarte visitar<\/h1>\t\t\t\t<\/div>\n\t\t\t\t<\/div>\n\t\t\t\t\t<\/div>\n\t\t<\/div>\n\t\t\t\t\t<\/div>\n\t\t<\/section>\n\t\t\t\t<section class=\"elementor-section elementor-top-section elementor-element elementor-element-8e00d7c elementor-section-boxed elementor-section-height-default elementor-section-height-default\" data-id=\"8e00d7c\" data-element_type=\"section\" data-e-type=\"section\">\n\t\t\t\t\t\t<div class=\"elementor-container elementor-column-gap-default\">\n\t\t\t\t\t<div class=\"elementor-column elementor-col-100 elementor-top-column elementor-element elementor-element-658f56b\" data-id=\"658f56b\" data-element_type=\"column\" data-e-type=\"column\">\n\t\t\t<div class=\"elementor-widget-wrap elementor-element-populated\">\n\t\t\t\t\t\t<div class=\"elementor-element elementor-element-0512a49 elementor-widget-divider--view-line elementor-widget elementor-widget-divider\" data-id=\"0512a49\" data-element_type=\"widget\" data-e-type=\"widget\" data-widget_type=\"divider.default\">\n\t\t\t\t<div class=\"elementor-widget-container\">\n\t\t\t\t\t\t\t<div class=\"elementor-divider\">\n\t\t\t<span class=\"elementor-divider-separator\">\n\t\t\t\t\t\t<\/span>\n\t\t<\/div>\n\t\t\t\t\t\t<\/div>\n\t\t\t\t<\/div>\n\t\t\t\t\t<\/div>\n\t\t<\/div>\n\t\t\t\t\t<\/div>\n\t\t<\/section>\n\t\t\t\t<section class=\"elementor-section elementor-top-section elementor-element elementor-element-9427f35 elementor-section-content-top elementor-section-boxed elementor-section-height-default elementor-section-height-default\" data-id=\"9427f35\" data-element_type=\"section\" data-e-type=\"section\">\n\t\t\t\t\t\t<div class=\"elementor-container elementor-column-gap-no\">\n\t\t\t\t\t<div class=\"elementor-column elementor-col-33 elementor-top-column elementor-element elementor-element-509c192\" data-id=\"509c192\" data-element_type=\"column\" data-e-type=\"column\">\n\t\t\t<div class=\"elementor-widget-wrap elementor-element-populated\">\n\t\t\t\t\t\t<section class=\"elementor-section elementor-inner-section elementor-element elementor-element-15c2ada elementor-section-boxed elementor-section-height-default elementor-section-height-default\" data-id=\"15c2ada\" data-element_type=\"section\" data-e-type=\"section\">\n\t\t\t\t\t\t<div class=\"elementor-container elementor-column-gap-default\">\n\t\t\t\t\t<div class=\"elementor-column elementor-col-50 elementor-inner-column elementor-element elementor-element-c6dd630\" data-id=\"c6dd630\" data-element_type=\"column\" data-e-type=\"column\">\n\t\t\t<div class=\"elementor-widget-wrap elementor-element-populated\">\n\t\t\t\t\t\t<div class=\"elementor-element elementor-element-43b81d2 elementor-position-top elementor-widget elementor-widget-image-box\" data-id=\"43b81d2\" data-element_type=\"widget\" data-e-type=\"widget\" data-widget_type=\"image-box.default\">\n\t\t\t\t<div class=\"elementor-widget-container\">\n\t\t\t\t\t<div class=\"elementor-image-box-wrapper\"><figure class=\"elementor-image-box-img\"><a href=\"https:\/\/www.memoriademocratica-pv.org\/\" target=\"_blank\" tabindex=\"-1\"><img loading=\"lazy\" decoding=\"async\" width=\"300\" height=\"145\" src=\"https:\/\/plataformafosaspaterna.org\/wp-content\/uploads\/2020\/12\/Coordinadora-300x145.jpg\" class=\"elementor-animation-shrink attachment-medium size-medium wp-image-2973\" alt=\"\" srcset=\"https:\/\/plataformafosaspaterna.org\/wp-content\/uploads\/2020\/12\/Coordinadora-300x145.jpg 300w, https:\/\/plataformafosaspaterna.org\/wp-content\/uploads\/2020\/12\/Coordinadora-1024x496.jpg 1024w, https:\/\/plataformafosaspaterna.org\/wp-content\/uploads\/2020\/12\/Coordinadora-768x372.jpg 768w, https:\/\/plataformafosaspaterna.org\/wp-content\/uploads\/2020\/12\/Coordinadora.jpg 1280w\" sizes=\"(max-width: 300px) 100vw, 300px\" \/><\/a><\/figure><\/div>\t\t\t\t<\/div>\n\t\t\t\t<\/div>\n\t\t\t\t\t<\/div>\n\t\t<\/div>\n\t\t\t\t<div class=\"elementor-column elementor-col-50 elementor-inner-column elementor-element elementor-element-1b71d13\" data-id=\"1b71d13\" data-element_type=\"column\" data-e-type=\"column\">\n\t\t\t<div class=\"elementor-widget-wrap elementor-element-populated\">\n\t\t\t\t\t\t<div class=\"elementor-element elementor-element-5c95120 elementor-position-top elementor-widget elementor-widget-image-box\" data-id=\"5c95120\" data-element_type=\"widget\" data-e-type=\"widget\" data-widget_type=\"image-box.default\">\n\t\t\t\t<div class=\"elementor-widget-container\">\n\t\t\t\t\t<div class=\"elementor-image-box-wrapper\"><figure class=\"elementor-image-box-img\"><a href=\"http:\/\/affna36.org\" target=\"_blank\" tabindex=\"-1\"><img loading=\"lazy\" decoding=\"async\" width=\"900\" height=\"900\" src=\"https:\/\/plataformafosaspaterna.org\/wp-content\/uploads\/2020\/12\/Affna36_2.png\" class=\"elementor-animation-shrink attachment-full size-full wp-image-2987\" alt=\"\" srcset=\"https:\/\/plataformafosaspaterna.org\/wp-content\/uploads\/2020\/12\/Affna36_2.png 900w, https:\/\/plataformafosaspaterna.org\/wp-content\/uploads\/2020\/12\/Affna36_2-300x300.png 300w, https:\/\/plataformafosaspaterna.org\/wp-content\/uploads\/2020\/12\/Affna36_2-150x150.png 150w, https:\/\/plataformafosaspaterna.org\/wp-content\/uploads\/2020\/12\/Affna36_2-768x768.png 768w\" sizes=\"(max-width: 900px) 100vw, 900px\" \/><\/a><\/figure><div class=\"elementor-image-box-content\"><h3 class=\"elementor-image-box-title\"><a href=\"http:\/\/affna36.org\" target=\"_blank\">Associaci\u00f3 de familiars d'afusellats de Navarra<\/a><\/h3><\/div><\/div>\t\t\t\t<\/div>\n\t\t\t\t<\/div>\n\t\t\t\t\t<\/div>\n\t\t<\/div>\n\t\t\t\t\t<\/div>\n\t\t<\/section>\n\t\t\t\t\t<\/div>\n\t\t<\/div>\n\t\t\t\t<div class=\"elementor-column elementor-col-33 elementor-top-column elementor-element elementor-element-d0dea92\" data-id=\"d0dea92\" data-element_type=\"column\" data-e-type=\"column\">\n\t\t\t<div class=\"elementor-widget-wrap elementor-element-populated\">\n\t\t\t\t\t\t<section class=\"elementor-section elementor-inner-section elementor-element elementor-element-a1871e5 elementor-section-boxed elementor-section-height-default elementor-section-height-default\" data-id=\"a1871e5\" data-element_type=\"section\" data-e-type=\"section\">\n\t\t\t\t\t\t<div class=\"elementor-container elementor-column-gap-default\">\n\t\t\t\t\t<div class=\"elementor-column elementor-col-50 elementor-inner-column elementor-element elementor-element-0cbefaf\" data-id=\"0cbefaf\" data-element_type=\"column\" data-e-type=\"column\">\n\t\t\t<div class=\"elementor-widget-wrap elementor-element-populated\">\n\t\t\t\t\t\t<div class=\"elementor-element elementor-element-da6834e elementor-position-top elementor-widget elementor-widget-image-box\" data-id=\"da6834e\" data-element_type=\"widget\" data-e-type=\"widget\" data-widget_type=\"image-box.default\">\n\t\t\t\t<div class=\"elementor-widget-container\">\n\t\t\t\t\t<div class=\"elementor-image-box-wrapper\"><figure class=\"elementor-image-box-img\"><a href=\"https:\/\/www.mapasdememoria.com\/\" target=\"_blank\" tabindex=\"-1\"><img loading=\"lazy\" decoding=\"async\" width=\"868\" height=\"868\" src=\"https:\/\/plataformafosaspaterna.org\/wp-content\/uploads\/2020\/12\/mapas-de-memoria.jpg\" class=\"elementor-animation-shrink attachment-full size-full wp-image-2986\" alt=\"\" srcset=\"https:\/\/plataformafosaspaterna.org\/wp-content\/uploads\/2020\/12\/mapas-de-memoria.jpg 868w, https:\/\/plataformafosaspaterna.org\/wp-content\/uploads\/2020\/12\/mapas-de-memoria-300x300.jpg 300w, https:\/\/plataformafosaspaterna.org\/wp-content\/uploads\/2020\/12\/mapas-de-memoria-150x150.jpg 150w, https:\/\/plataformafosaspaterna.org\/wp-content\/uploads\/2020\/12\/mapas-de-memoria-768x768.jpg 768w\" sizes=\"(max-width: 868px) 100vw, 868px\" \/><\/a><\/figure><\/div>\t\t\t\t<\/div>\n\t\t\t\t<\/div>\n\t\t\t\t\t<\/div>\n\t\t<\/div>\n\t\t\t\t<div class=\"elementor-column elementor-col-50 elementor-inner-column elementor-element elementor-element-c504422\" data-id=\"c504422\" data-element_type=\"column\" data-e-type=\"column\">\n\t\t\t<div class=\"elementor-widget-wrap elementor-element-populated\">\n\t\t\t\t\t\t<div class=\"elementor-element elementor-element-8e460b2 elementor-position-top elementor-widget elementor-widget-image-box\" data-id=\"8e460b2\" data-element_type=\"widget\" data-e-type=\"widget\" data-widget_type=\"image-box.default\">\n\t\t\t\t<div class=\"elementor-widget-container\">\n\t\t\t\t\t<div class=\"elementor-image-box-wrapper\"><figure class=\"elementor-image-box-img\"><a href=\"https:\/\/www.facebook.com\/Grupo-Paleolab-1587289948267024\/\" target=\"_blank\" tabindex=\"-1\"><img loading=\"lazy\" decoding=\"async\" width=\"292\" height=\"377\" src=\"https:\/\/plataformafosaspaterna.org\/wp-content\/uploads\/2020\/12\/paleolab-1.jpg\" class=\"elementor-animation-shrink attachment-full size-full wp-image-2985\" alt=\"\" srcset=\"https:\/\/plataformafosaspaterna.org\/wp-content\/uploads\/2020\/12\/paleolab-1.jpg 292w, https:\/\/plataformafosaspaterna.org\/wp-content\/uploads\/2020\/12\/paleolab-1-232x300.jpg 232w\" sizes=\"(max-width: 292px) 100vw, 292px\" \/><\/a><\/figure><\/div>\t\t\t\t<\/div>\n\t\t\t\t<\/div>\n\t\t\t\t\t<\/div>\n\t\t<\/div>\n\t\t\t\t\t<\/div>\n\t\t<\/section>\n\t\t\t\t\t<\/div>\n\t\t<\/div>\n\t\t\t\t<div class=\"elementor-column elementor-col-33 elementor-top-column elementor-element elementor-element-8a44032\" data-id=\"8a44032\" data-element_type=\"column\" data-e-type=\"column\">\n\t\t\t<div class=\"elementor-widget-wrap elementor-element-populated\">\n\t\t\t\t\t\t<section class=\"elementor-section elementor-inner-section elementor-element elementor-element-5534d83 elementor-section-boxed elementor-section-height-default elementor-section-height-default\" data-id=\"5534d83\" data-element_type=\"section\" data-e-type=\"section\">\n\t\t\t\t\t\t<div class=\"elementor-container elementor-column-gap-default\">\n\t\t\t\t\t<div class=\"elementor-column elementor-col-50 elementor-inner-column elementor-element elementor-element-1fff478\" data-id=\"1fff478\" data-element_type=\"column\" data-e-type=\"column\">\n\t\t\t<div class=\"elementor-widget-wrap elementor-element-populated\">\n\t\t\t\t\t\t<div class=\"elementor-element elementor-element-6733ea5 elementor-position-top elementor-widget elementor-widget-image-box\" data-id=\"6733ea5\" data-element_type=\"widget\" data-e-type=\"widget\" data-widget_type=\"image-box.default\">\n\t\t\t\t<div class=\"elementor-widget-container\">\n\t\t\t\t\t<div class=\"elementor-image-box-wrapper\"><figure class=\"elementor-image-box-img\"><a href=\"https:\/\/arqueoantro.org\/\" target=\"_blank\" tabindex=\"-1\"><img loading=\"lazy\" decoding=\"async\" width=\"512\" height=\"458\" src=\"https:\/\/plataformafosaspaterna.org\/wp-content\/uploads\/2020\/12\/arqueoantro-1.jpg\" class=\"elementor-animation-shrink attachment-full size-full wp-image-2979\" alt=\"\" srcset=\"https:\/\/plataformafosaspaterna.org\/wp-content\/uploads\/2020\/12\/arqueoantro-1.jpg 512w, https:\/\/plataformafosaspaterna.org\/wp-content\/uploads\/2020\/12\/arqueoantro-1-300x268.jpg 300w\" sizes=\"(max-width: 512px) 100vw, 512px\" \/><\/a><\/figure><\/div>\t\t\t\t<\/div>\n\t\t\t\t<\/div>\n\t\t\t\t\t<\/div>\n\t\t<\/div>\n\t\t\t\t<div class=\"elementor-column elementor-col-50 elementor-inner-column elementor-element elementor-element-7de1260\" data-id=\"7de1260\" data-element_type=\"column\" data-e-type=\"column\">\n\t\t\t<div class=\"elementor-widget-wrap\">\n\t\t\t\t\t\t\t<\/div>\n\t\t<\/div>\n\t\t\t\t\t<\/div>\n\t\t<\/section>\n\t\t\t\t\t<\/div>\n\t\t<\/div>\n\t\t\t\t\t<\/div>\n\t\t<\/section>\n\t\t\t\t<section class=\"elementor-section elementor-top-section elementor-element elementor-element-61574f4 elementor-section-boxed elementor-section-height-default elementor-section-height-default\" data-id=\"61574f4\" data-element_type=\"section\" data-e-type=\"section\">\n\t\t\t\t\t\t<div class=\"elementor-container elementor-column-gap-default\">\n\t\t\t\t\t<div class=\"elementor-column elementor-col-100 elementor-top-column elementor-element elementor-element-4f568a0\" data-id=\"4f568a0\" data-element_type=\"column\" data-e-type=\"column\">\n\t\t\t<div class=\"elementor-widget-wrap elementor-element-populated\">\n\t\t\t\t\t\t<div class=\"elementor-element elementor-element-6080fe9 elementor-widget elementor-widget-spacer\" data-id=\"6080fe9\" data-element_type=\"widget\" data-e-type=\"widget\" data-widget_type=\"spacer.default\">\n\t\t\t\t<div class=\"elementor-widget-container\">\n\t\t\t\t\t\t\t<div class=\"elementor-spacer\">\n\t\t\t<div class=\"elementor-spacer-inner\"><\/div>\n\t\t<\/div>\n\t\t\t\t\t\t<\/div>\n\t\t\t\t<\/div>\n\t\t\t\t\t<\/div>\n\t\t<\/div>\n\t\t\t\t\t<\/div>\n\t\t<\/section>\n\t\t\t\t<section class=\"elementor-section elementor-top-section elementor-element elementor-element-4544993 elementor-section-boxed elementor-section-height-default elementor-section-height-default\" data-id=\"4544993\" data-element_type=\"section\" data-e-type=\"section\">\n\t\t\t\t\t\t<div class=\"elementor-container elementor-column-gap-default\">\n\t\t\t\t\t<div class=\"elementor-column elementor-col-100 elementor-top-column elementor-element elementor-element-f802346\" data-id=\"f802346\" data-element_type=\"column\" data-e-type=\"column\">\n\t\t\t<div class=\"elementor-widget-wrap elementor-element-populated\">\n\t\t\t\t\t\t<div class=\"elementor-element elementor-element-6caf0ba hfe-nav-menu__align-center hfe-submenu-icon-arrow hfe-submenu-animation-none hfe-link-redirect-child hfe-nav-menu__breakpoint-tablet elementor-widget elementor-widget-navigation-menu\" data-id=\"6caf0ba\" data-element_type=\"widget\" data-e-type=\"widget\" data-settings=\"{&quot;padding_horizontal_menu_item&quot;:{&quot;unit&quot;:&quot;px&quot;,&quot;size&quot;:15,&quot;sizes&quot;:[]},&quot;padding_horizontal_menu_item_tablet&quot;:{&quot;unit&quot;:&quot;px&quot;,&quot;size&quot;:&quot;&quot;,&quot;sizes&quot;:[]},&quot;padding_horizontal_menu_item_mobile&quot;:{&quot;unit&quot;:&quot;px&quot;,&quot;size&quot;:&quot;&quot;,&quot;sizes&quot;:[]},&quot;padding_vertical_menu_item&quot;:{&quot;unit&quot;:&quot;px&quot;,&quot;size&quot;:15,&quot;sizes&quot;:[]},&quot;padding_vertical_menu_item_tablet&quot;:{&quot;unit&quot;:&quot;px&quot;,&quot;size&quot;:&quot;&quot;,&quot;sizes&quot;:[]},&quot;padding_vertical_menu_item_mobile&quot;:{&quot;unit&quot;:&quot;px&quot;,&quot;size&quot;:&quot;&quot;,&quot;sizes&quot;:[]},&quot;menu_space_between&quot;:{&quot;unit&quot;:&quot;px&quot;,&quot;size&quot;:&quot;&quot;,&quot;sizes&quot;:[]},&quot;menu_space_between_tablet&quot;:{&quot;unit&quot;:&quot;px&quot;,&quot;size&quot;:&quot;&quot;,&quot;sizes&quot;:[]},&quot;menu_space_between_mobile&quot;:{&quot;unit&quot;:&quot;px&quot;,&quot;size&quot;:&quot;&quot;,&quot;sizes&quot;:[]},&quot;menu_row_space&quot;:{&quot;unit&quot;:&quot;px&quot;,&quot;size&quot;:&quot;&quot;,&quot;sizes&quot;:[]},&quot;menu_row_space_tablet&quot;:{&quot;unit&quot;:&quot;px&quot;,&quot;size&quot;:&quot;&quot;,&quot;sizes&quot;:[]},&quot;menu_row_space_mobile&quot;:{&quot;unit&quot;:&quot;px&quot;,&quot;size&quot;:&quot;&quot;,&quot;sizes&quot;:[]},&quot;dropdown_border_radius&quot;:{&quot;unit&quot;:&quot;px&quot;,&quot;top&quot;:&quot;&quot;,&quot;right&quot;:&quot;&quot;,&quot;bottom&quot;:&quot;&quot;,&quot;left&quot;:&quot;&quot;,&quot;isLinked&quot;:true},&quot;dropdown_border_radius_tablet&quot;:{&quot;unit&quot;:&quot;px&quot;,&quot;top&quot;:&quot;&quot;,&quot;right&quot;:&quot;&quot;,&quot;bottom&quot;:&quot;&quot;,&quot;left&quot;:&quot;&quot;,&quot;isLinked&quot;:true},&quot;dropdown_border_radius_mobile&quot;:{&quot;unit&quot;:&quot;px&quot;,&quot;top&quot;:&quot;&quot;,&quot;right&quot;:&quot;&quot;,&quot;bottom&quot;:&quot;&quot;,&quot;left&quot;:&quot;&quot;,&quot;isLinked&quot;:true},&quot;width_dropdown_item&quot;:{&quot;unit&quot;:&quot;px&quot;,&quot;size&quot;:&quot;220&quot;,&quot;sizes&quot;:[]},&quot;width_dropdown_item_tablet&quot;:{&quot;unit&quot;:&quot;px&quot;,&quot;size&quot;:&quot;&quot;,&quot;sizes&quot;:[]},&quot;width_dropdown_item_mobile&quot;:{&quot;unit&quot;:&quot;px&quot;,&quot;size&quot;:&quot;&quot;,&quot;sizes&quot;:[]},&quot;padding_horizontal_dropdown_item&quot;:{&quot;unit&quot;:&quot;px&quot;,&quot;size&quot;:&quot;&quot;,&quot;sizes&quot;:[]},&quot;padding_horizontal_dropdown_item_tablet&quot;:{&quot;unit&quot;:&quot;px&quot;,&quot;size&quot;:&quot;&quot;,&quot;sizes&quot;:[]},&quot;padding_horizontal_dropdown_item_mobile&quot;:{&quot;unit&quot;:&quot;px&quot;,&quot;size&quot;:&quot;&quot;,&quot;sizes&quot;:[]},&quot;padding_vertical_dropdown_item&quot;:{&quot;unit&quot;:&quot;px&quot;,&quot;size&quot;:15,&quot;sizes&quot;:[]},&quot;padding_vertical_dropdown_item_tablet&quot;:{&quot;unit&quot;:&quot;px&quot;,&quot;size&quot;:&quot;&quot;,&quot;sizes&quot;:[]},&quot;padding_vertical_dropdown_item_mobile&quot;:{&quot;unit&quot;:&quot;px&quot;,&quot;size&quot;:&quot;&quot;,&quot;sizes&quot;:[]},&quot;distance_from_menu&quot;:{&quot;unit&quot;:&quot;px&quot;,&quot;size&quot;:&quot;&quot;,&quot;sizes&quot;:[]},&quot;distance_from_menu_tablet&quot;:{&quot;unit&quot;:&quot;px&quot;,&quot;size&quot;:&quot;&quot;,&quot;sizes&quot;:[]},&quot;distance_from_menu_mobile&quot;:{&quot;unit&quot;:&quot;px&quot;,&quot;size&quot;:&quot;&quot;,&quot;sizes&quot;:[]},&quot;toggle_size&quot;:{&quot;unit&quot;:&quot;px&quot;,&quot;size&quot;:&quot;&quot;,&quot;sizes&quot;:[]},&quot;toggle_size_tablet&quot;:{&quot;unit&quot;:&quot;px&quot;,&quot;size&quot;:&quot;&quot;,&quot;sizes&quot;:[]},&quot;toggle_size_mobile&quot;:{&quot;unit&quot;:&quot;px&quot;,&quot;size&quot;:&quot;&quot;,&quot;sizes&quot;:[]},&quot;toggle_border_width&quot;:{&quot;unit&quot;:&quot;px&quot;,&quot;size&quot;:&quot;&quot;,&quot;sizes&quot;:[]},&quot;toggle_border_width_tablet&quot;:{&quot;unit&quot;:&quot;px&quot;,&quot;size&quot;:&quot;&quot;,&quot;sizes&quot;:[]},&quot;toggle_border_width_mobile&quot;:{&quot;unit&quot;:&quot;px&quot;,&quot;size&quot;:&quot;&quot;,&quot;sizes&quot;:[]},&quot;toggle_border_radius&quot;:{&quot;unit&quot;:&quot;px&quot;,&quot;size&quot;:&quot;&quot;,&quot;sizes&quot;:[]},&quot;toggle_border_radius_tablet&quot;:{&quot;unit&quot;:&quot;px&quot;,&quot;size&quot;:&quot;&quot;,&quot;sizes&quot;:[]},&quot;toggle_border_radius_mobile&quot;:{&quot;unit&quot;:&quot;px&quot;,&quot;size&quot;:&quot;&quot;,&quot;sizes&quot;:[]}}\" data-widget_type=\"navigation-menu.default\">\n\t\t\t\t<div class=\"elementor-widget-container\">\n\t\t\t\t\t\t\t\t<div class=\"hfe-nav-menu hfe-layout-horizontal hfe-nav-menu-layout horizontal hfe-pointer__none\" data-layout=\"horizontal\">\n\t\t\t\t<div role=\"button\" class=\"hfe-nav-menu__toggle elementor-clickable\" tabindex=\"0\" aria-label=\"Alternar men\u00fa\">\n\t\t\t\t\t<span class=\"screen-reader-text\">Men\u00fa<\/span>\n\t\t\t\t\t<div class=\"hfe-nav-menu-icon\">\n\t\t\t\t\t\t<i aria-hidden=\"true\"  class=\"fas fa-align-justify\"><\/i>\t\t\t\t\t<\/div>\n\t\t\t\t<\/div>\n\t\t\t\t<nav class=\"hfe-nav-menu__layout-horizontal hfe-nav-menu__submenu-arrow\" data-toggle-icon=\"&lt;i aria-hidden=&quot;true&quot; tabindex=&quot;0&quot; class=&quot;fas fa-align-justify&quot;&gt;&lt;\/i&gt;\" data-close-icon=\"&lt;i aria-hidden=&quot;true&quot; tabindex=&quot;0&quot; class=&quot;far fa-window-close&quot;&gt;&lt;\/i&gt;\" data-full-width=\"yes\">\n\t\t\t\t\t<ul id=\"menu-1-6caf0ba\" class=\"hfe-nav-menu\"><li id=\"menu-item-2705\" class=\"menu-item menu-item-type-post_type menu-item-object-page parent hfe-creative-menu\"><a href=\"https:\/\/plataformafosaspaterna.org\/?page_id=2673\" class = \"hfe-menu-item\">Videos<\/a><\/li>\n<li id=\"menu-item-2704\" class=\"menu-item menu-item-type-post_type menu-item-object-page parent hfe-creative-menu\"><a href=\"https:\/\/plataformafosaspaterna.org\/?page_id=2692\" class = \"hfe-menu-item\">Audios<\/a><\/li>\n<li id=\"menu-item-2720\" class=\"menu-item menu-item-type-post_type menu-item-object-page parent hfe-creative-menu\"><a href=\"https:\/\/plataformafosaspaterna.org\/?page_id=2688\" class = \"hfe-menu-item\">Publicaciones<\/a><\/li>\n<\/ul> \n\t\t\t\t<\/nav>\n\t\t\t<\/div>\n\t\t\t\t\t\t\t<\/div>\n\t\t\t\t<\/div>\n\t\t\t\t\t<\/div>\n\t\t<\/div>\n\t\t\t\t\t<\/div>\n\t\t<\/section>\n\t\t\t\t<section class=\"elementor-section elementor-top-section elementor-element elementor-element-9b97fd3 elementor-section-boxed elementor-section-height-default elementor-section-height-default\" data-id=\"9b97fd3\" data-element_type=\"section\" data-e-type=\"section\">\n\t\t\t\t\t\t<div class=\"elementor-container elementor-column-gap-default\">\n\t\t\t\t\t<div class=\"elementor-column elementor-col-100 elementor-top-column elementor-element elementor-element-05b0859\" data-id=\"05b0859\" data-element_type=\"column\" data-e-type=\"column\">\n\t\t\t<div class=\"elementor-widget-wrap elementor-element-populated\">\n\t\t\t\t\t\t<div class=\"elementor-element elementor-element-d334e89 elementor-widget elementor-widget-spacer\" data-id=\"d334e89\" data-element_type=\"widget\" data-e-type=\"widget\" data-widget_type=\"spacer.default\">\n\t\t\t\t<div class=\"elementor-widget-container\">\n\t\t\t\t\t\t\t<div class=\"elementor-spacer\">\n\t\t\t<div class=\"elementor-spacer-inner\"><\/div>\n\t\t<\/div>\n\t\t\t\t\t\t<\/div>\n\t\t\t\t<\/div>\n\t\t\t\t<div class=\"elementor-element elementor-element-5bffc55 elementor-widget elementor-widget-spacer\" data-id=\"5bffc55\" data-element_type=\"widget\" data-e-type=\"widget\" data-widget_type=\"spacer.default\">\n\t\t\t\t<div class=\"elementor-widget-container\">\n\t\t\t\t\t\t\t<div class=\"elementor-spacer\">\n\t\t\t<div class=\"elementor-spacer-inner\"><\/div>\n\t\t<\/div>\n\t\t\t\t\t\t<\/div>\n\t\t\t\t<\/div>\n\t\t\t\t\t<\/div>\n\t\t<\/div>\n\t\t\t\t\t<\/div>\n\t\t<\/section>\n\t\t\t\t<\/div>\n\t\t","protected":false},"excerpt":{"rendered":"<p>publicaciones Este es un reflejo de nuestras actividades registrado en prensa y redes sociales. Tambi\u00e9n puedes encontrar algunos enlaces a p\u00e1ginas web que te podr\u00edan interesar Libros Inicio Campa\u00f1a 2020: Fosa 111 ArqueoAntro.org (28\/05\/2020) por Gema L\u00f3pez La Generalitat realizar\u00e1 en el cementerio de Paterna la exhumaci\u00f3n m\u00e1s numerosa de v\u00edctimas del franquismo Levante-EMV (14\/12\/2020)&hellip;&nbsp;<a href=\"https:\/\/plataformafosaspaterna.org\/?page_id=2688\" class=\"\" rel=\"bookmark\">Leer m\u00e1s &raquo;<span class=\"screen-reader-text\">Publicaciones<\/span><\/a><\/p>\n","protected":false},"author":2,"featured_media":0,"parent":0,"menu_order":0,"comment_status":"closed","ping_status":"closed","template":"page-templates\/template-pagebuilder-full-width.php","meta":{"_monsterinsights_skip_tracking":false,"_monsterinsights_sitenote_active":false,"_monsterinsights_sitenote_note":"","_monsterinsights_sitenote_category":0,"neve_meta_sidebar":"full-width","neve_meta_container":"","neve_meta_enable_content_width":"on","neve_meta_content_width":100,"neve_meta_title_alignment":"","neve_meta_author_avatar":"","neve_post_elements_order":"","neve_meta_disable_header":"","neve_meta_disable_footer":"","neve_meta_disable_title":"","footnotes":""},"class_list":["post-2688","page","type-page","status-publish","hentry"],"lang":"es","translations":{"es":2688,"ca":3321},"pll_sync_post":[],"_links":{"self":[{"href":"https:\/\/plataformafosaspaterna.org\/index.php?rest_route=\/wp\/v2\/pages\/2688","targetHints":{"allow":["GET"]}}],"collection":[{"href":"https:\/\/plataformafosaspaterna.org\/index.php?rest_route=\/wp\/v2\/pages"}],"about":[{"href":"https:\/\/plataformafosaspaterna.org\/index.php?rest_route=\/wp\/v2\/types\/page"}],"author":[{"embeddable":true,"href":"https:\/\/plataformafosaspaterna.org\/index.php?rest_route=\/wp\/v2\/users\/2"}],"replies":[{"embeddable":true,"href":"https:\/\/plataformafosaspaterna.org\/index.php?rest_route=%2Fwp%2Fv2%2Fcomments&post=2688"}],"version-history":[{"count":109,"href":"https:\/\/plataformafosaspaterna.org\/index.php?rest_route=\/wp\/v2\/pages\/2688\/revisions"}],"predecessor-version":[{"id":4387,"href":"https:\/\/plataformafosaspaterna.org\/index.php?rest_route=\/wp\/v2\/pages\/2688\/revisions\/4387"}],"wp:attachment":[{"href":"https:\/\/plataformafosaspaterna.org\/index.php?rest_route=%2Fwp%2Fv2%2Fmedia&parent=2688"}],"curies":[{"name":"wp","href":"https:\/\/api.w.org\/{rel}","templated":true}]}}