{"id":3861,"date":"2021-02-01T21:13:39","date_gmt":"2021-02-01T21:13:39","guid":{"rendered":"https:\/\/plataformafosaspaterna.org\/index.php\/politica-de-privacidad\/"},"modified":"2021-02-01T22:11:08","modified_gmt":"2021-02-01T22:11:08","slug":"politica-de-privacidad","status":"publish","type":"page","link":"https:\/\/plataformafosaspaterna.org\/?page_id=3861","title":{"rendered":"Pol\u00edtica de Privacidad"},"content":{"rendered":"<p><b>QUI\u00c9N SOMOS Y PARA QU\u00c9 USAMOS LOS DATOS PERSONALES<\/b><\/p>\n<p><span style=\"font-weight: 400;\">La Plataforma de Asociaciones de Familiares de v\u00edctimas del franquismo de las fosas comunes de Paterna es, a efectos jur\u00eddicos, una federaci\u00f3n sin \u00e1nimo de lucro registrada con el n\u00famero CV-02-060297-V en el Registro de asociaciones de la Comunidad Valenciana.<\/span><\/p>\n<p><span style=\"font-weight: 400;\">Se consideran datos personales cualquier tipo de informaci\u00f3n de una persona f\u00edsica que permite su identificaci\u00f3n o localizaci\u00f3n, o bien la posibilidad de contacto.<\/span><\/p>\n<p><b>DERECHOS DEL USUARIO EN RELACI\u00d3N AL TRATAMIENTO DE DATOS<\/b><\/p>\n<p><span style=\"font-weight: 400;\">En relaci\u00f3n a las datos personales proporcionadas directamente en la Plataforma, el usuario cuenta con esta serie de derechos:<\/span><\/p>\n<ul>\n<li style=\"font-weight: 400;\" aria-level=\"1\"><span style=\"font-weight: 400;\">Saber para qu\u00e9 pedimos sus datos personales.<\/span><\/li>\n<li style=\"font-weight: 400;\" aria-level=\"1\"><span style=\"font-weight: 400;\">Solicitar acceso a sus datos personales en un formato com\u00fan.<\/span><\/li>\n<li style=\"font-weight: 400;\" aria-level=\"1\"><span style=\"font-weight: 400;\">Solicitar que sus datos se rectifiquen si no son correctos.<\/span><\/li>\n<li style=\"font-weight: 400;\" aria-level=\"1\"><span style=\"font-weight: 400;\">Solicitar en cualquier momento la supresi\u00f3n de sus datos personales de las bases de datos de la Plataforma.<\/span><\/li>\n<li style=\"font-weight: 400;\" aria-level=\"1\"><span style=\"font-weight: 400;\">Revocar el consentimiento para cualquier tratamiento anterior de sus datos personales dentro de esta p\u00e1gina web.<\/span><\/li>\n<\/ul>\n<p><span style=\"font-weight: 400;\">El correo electr\u00f3nico de la Plataforma donde puede ponerse en contacto con nosotros para poder ejercer sus derechos es plataformafosaspaterna@gmail.com.<\/span><\/p>\n<p><b>OTRAS ACLARACIONES<\/b><\/p>\n<p><span style=\"font-weight: 400;\">Si eres menor de edad, te rogamos que no introduzcas ning\u00fan dato personal o sobre tu familia. En caso de duda o de necesidades que hagan necesaria la introducci\u00f3n de tus datos personales, pide el permiso de tus padres o tutor legal.<\/span><\/p>\n<p><span style=\"font-weight: 400;\">Esta web est\u00e1 dise\u00f1ada con WordPress.<\/span><\/p>\n","protected":false},"excerpt":{"rendered":"<p>QUI\u00c9N SOMOS Y PARA QU\u00c9 USAMOS LOS DATOS PERSONALES La Plataforma de Asociaciones de Familiares de v\u00edctimas del franquismo de las fosas comunes de Paterna es, a efectos jur\u00eddicos, una federaci\u00f3n sin \u00e1nimo de lucro registrada con el n\u00famero CV-02-060297-V en el Registro de asociaciones de la Comunidad Valenciana. Se consideran datos personales cualquier tipo&hellip;&nbsp;<a href=\"https:\/\/plataformafosaspaterna.org\/?page_id=3861\" class=\"\" rel=\"bookmark\">Leer m\u00e1s &raquo;<span class=\"screen-reader-text\">Pol\u00edtica de Privacidad<\/span><\/a><\/p>\n","protected":false},"author":6,"featured_media":0,"parent":0,"menu_order":0,"comment_status":"closed","ping_status":"closed","template":"","meta":{"_monsterinsights_skip_tracking":false,"_monsterinsights_sitenote_active":false,"_monsterinsights_sitenote_note":"","_monsterinsights_sitenote_category":0,"neve_meta_sidebar":"","neve_meta_container":"","neve_meta_enable_content_width":"off","neve_meta_content_width":0,"neve_meta_title_alignment":"","neve_meta_author_avatar":"","neve_post_elements_order":"","neve_meta_disable_header":"","neve_meta_disable_footer":"","neve_meta_disable_title":"","footnotes":""},"class_list":["post-3861","page","type-page","status-publish","hentry"],"lang":"es","translations":{"es":3861},"pll_sync_post":[],"_links":{"self":[{"href":"https:\/\/plataformafosaspaterna.org\/index.php?rest_route=\/wp\/v2\/pages\/3861","targetHints":{"allow":["GET"]}}],"collection":[{"href":"https:\/\/plataformafosaspaterna.org\/index.php?rest_route=\/wp\/v2\/pages"}],"about":[{"href":"https:\/\/plataformafosaspaterna.org\/index.php?rest_route=\/wp\/v2\/types\/page"}],"author":[{"embeddable":true,"href":"https:\/\/plataformafosaspaterna.org\/index.php?rest_route=\/wp\/v2\/users\/6"}],"replies":[{"embeddable":true,"href":"https:\/\/plataformafosaspaterna.org\/index.php?rest_route=%2Fwp%2Fv2%2Fcomments&post=3861"}],"version-history":[{"count":6,"href":"https:\/\/plataformafosaspaterna.org\/index.php?rest_route=\/wp\/v2\/pages\/3861\/revisions"}],"predecessor-version":[{"id":3889,"href":"https:\/\/plataformafosaspaterna.org\/index.php?rest_route=\/wp\/v2\/pages\/3861\/revisions\/3889"}],"wp:attachment":[{"href":"https:\/\/plataformafosaspaterna.org\/index.php?rest_route=%2Fwp%2Fv2%2Fmedia&parent=3861"}],"curies":[{"name":"wp","href":"https:\/\/api.w.org\/{rel}","templated":true}]}}