{"id":4170,"date":"2022-11-04T11:54:42","date_gmt":"2022-11-04T11:54:42","guid":{"rendered":"https:\/\/plataformafosaspaterna.org\/?page_id=4170"},"modified":"2023-01-11T17:53:32","modified_gmt":"2023-01-11T17:53:32","slug":"activitats","status":"publish","type":"page","link":"https:\/\/plataformafosaspaterna.org\/?page_id=4170","title":{"rendered":"Activitats"},"content":{"rendered":"\t\t<div data-elementor-type=\"wp-page\" data-elementor-id=\"4170\" class=\"elementor elementor-4170\">\n\t\t\t\t\t\t<section class=\"elementor-section elementor-top-section elementor-element elementor-element-9345505 elementor-section-boxed elementor-section-height-default elementor-section-height-default\" data-id=\"9345505\" data-element_type=\"section\" data-e-type=\"section\">\n\t\t\t\t\t\t<div class=\"elementor-container elementor-column-gap-default\">\n\t\t\t\t\t<div class=\"elementor-column elementor-col-100 elementor-top-column elementor-element elementor-element-84e7c12\" data-id=\"84e7c12\" data-element_type=\"column\" data-e-type=\"column\">\n\t\t\t<div class=\"elementor-widget-wrap elementor-element-populated\">\n\t\t\t\t\t\t<div class=\"elementor-element elementor-element-f27f011 elementor-alert-info elementor-widget elementor-widget-alert\" data-id=\"f27f011\" data-element_type=\"widget\" data-e-type=\"widget\" data-widget_type=\"alert.default\">\n\t\t\t\t<div class=\"elementor-widget-container\">\n\t\t\t\t\t\t\t<div class=\"elementor-alert\" role=\"alert\">\n\n\t\t\t\t\t\t<span class=\"elementor-alert-title\">Pr\u00f2ximament podr\u00e0s veure totes les activitats que organitzem<\/span>\n\t\t\t\n\t\t\t\n\t\t\t\t\t\t<button type=\"button\" class=\"elementor-alert-dismiss\" aria-label=\"Descarta aquesta alerta.\">\n\t\t\t\t\t\t\t\t\t<span aria-hidden=\"true\">&times;<\/span>\n\t\t\t\t\t\t\t<\/button>\n\t\t\t\n\t\t<\/div>\n\t\t\t\t\t\t<\/div>\n\t\t\t\t<\/div>\n\t\t\t\t\t<\/div>\n\t\t<\/div>\n\t\t\t\t\t<\/div>\n\t\t<\/section>\n\t\t\t\t<section class=\"elementor-section elementor-top-section elementor-element elementor-element-7c0bbde0 elementor-section-content-middle elementor-section-boxed elementor-section-height-default elementor-section-height-default\" data-id=\"7c0bbde0\" data-element_type=\"section\" data-e-type=\"section\">\n\t\t\t\t\t\t<div class=\"elementor-container elementor-column-gap-no\">\n\t\t\t\t\t<div class=\"elementor-column elementor-col-100 elementor-top-column elementor-element elementor-element-1bd6d033\" data-id=\"1bd6d033\" data-element_type=\"column\" data-e-type=\"column\">\n\t\t\t<div class=\"elementor-widget-wrap elementor-element-populated\">\n\t\t\t\t\t\t<div class=\"elementor-element elementor-element-725a3cac elementor-widget elementor-widget-heading\" data-id=\"725a3cac\" data-element_type=\"widget\" data-e-type=\"widget\" data-widget_type=\"heading.default\">\n\t\t\t\t<div class=\"elementor-widget-container\">\n\t\t\t\t\t<h4 class=\"elementor-heading-title elementor-size-default\">Ens sentim molt orgullosos perqu\u00e8, pel nostre treball, ens van atorgar el PREMI D'HONOR A LA DEFENSA DE LES LLIBERTATS I LA SOLIDARITAT DE LA VILA DE PEDREGUER l\u2019any 2019.<\/h4>\t\t\t\t<\/div>\n\t\t\t\t<\/div>\n\t\t\t\t<div class=\"elementor-element elementor-element-a81d9d3 elementor-widget elementor-widget-image\" data-id=\"a81d9d3\" data-element_type=\"widget\" data-e-type=\"widget\" data-widget_type=\"image.default\">\n\t\t\t\t<div class=\"elementor-widget-container\">\n\t\t\t\t\t\t\t\t\t\t\t\t\t\t\t<img fetchpriority=\"high\" decoding=\"async\" width=\"255\" height=\"198\" src=\"https:\/\/plataformafosaspaterna.org\/wp-content\/uploads\/2020\/11\/ayto-pedreguer.jpeg\" class=\"attachment-medium size-medium wp-image-1031\" alt=\"\" \/>\t\t\t\t\t\t\t\t\t\t\t\t\t\t\t<\/div>\n\t\t\t\t<\/div>\n\t\t\t\t<div class=\"elementor-element elementor-element-0a5ca2b elementor-widget elementor-widget-image\" data-id=\"0a5ca2b\" data-element_type=\"widget\" data-e-type=\"widget\" data-widget_type=\"image.default\">\n\t\t\t\t<div class=\"elementor-widget-container\">\n\t\t\t\t\t\t\t\t\t\t\t\t\t\t\t<img decoding=\"async\" width=\"1024\" height=\"576\" src=\"https:\/\/plataformafosaspaterna.org\/wp-content\/uploads\/2020\/11\/premi-dhonor-vila-pedreguer-1-1024x576.jpg\" class=\"attachment-large size-large wp-image-1024\" alt=\"\" srcset=\"https:\/\/plataformafosaspaterna.org\/wp-content\/uploads\/2020\/11\/premi-dhonor-vila-pedreguer-1-1024x576.jpg 1024w, https:\/\/plataformafosaspaterna.org\/wp-content\/uploads\/2020\/11\/premi-dhonor-vila-pedreguer-1-300x169.jpg 300w, https:\/\/plataformafosaspaterna.org\/wp-content\/uploads\/2020\/11\/premi-dhonor-vila-pedreguer-1-768x432.jpg 768w, https:\/\/plataformafosaspaterna.org\/wp-content\/uploads\/2020\/11\/premi-dhonor-vila-pedreguer-1-1536x864.jpg 1536w, https:\/\/plataformafosaspaterna.org\/wp-content\/uploads\/2020\/11\/premi-dhonor-vila-pedreguer-1.jpg 1920w\" sizes=\"(max-width: 1024px) 100vw, 1024px\" \/>\t\t\t\t\t\t\t\t\t\t\t\t\t\t\t<\/div>\n\t\t\t\t<\/div>\n\t\t\t\t\t<\/div>\n\t\t<\/div>\n\t\t\t\t\t<\/div>\n\t\t<\/section>\n\t\t\t\t<section class=\"elementor-section elementor-top-section elementor-element elementor-element-864bc2b elementor-section-boxed elementor-section-height-default elementor-section-height-default\" data-id=\"864bc2b\" data-element_type=\"section\" data-e-type=\"section\">\n\t\t\t\t\t\t<div class=\"elementor-container elementor-column-gap-default\">\n\t\t\t\t\t<div class=\"elementor-column elementor-col-50 elementor-top-column elementor-element elementor-element-c500e32\" data-id=\"c500e32\" data-element_type=\"column\" data-e-type=\"column\">\n\t\t\t<div class=\"elementor-widget-wrap elementor-element-populated\">\n\t\t\t\t\t\t<div class=\"elementor-element elementor-element-ada2f7d elementor-widget elementor-widget-text-editor\" data-id=\"ada2f7d\" data-element_type=\"widget\" data-e-type=\"widget\" data-widget_type=\"text-editor.default\">\n\t\t\t\t<div class=\"elementor-widget-container\">\n\t\t\t\t\t\t\t\t\t<p style=\"text-align: right;\">per a contactar amb nosaltres<\/p>\t\t\t\t\t\t\t\t<\/div>\n\t\t\t\t<\/div>\n\t\t\t\t\t<\/div>\n\t\t<\/div>\n\t\t\t\t<div class=\"elementor-column elementor-col-50 elementor-top-column elementor-element elementor-element-5ab2963\" data-id=\"5ab2963\" data-element_type=\"column\" data-e-type=\"column\">\n\t\t\t<div class=\"elementor-widget-wrap elementor-element-populated\">\n\t\t\t\t\t\t<div class=\"elementor-element elementor-element-9e43f60 elementor-shape-square e-grid-align-left elementor-grid-0 elementor-widget elementor-widget-social-icons\" data-id=\"9e43f60\" data-element_type=\"widget\" data-e-type=\"widget\" data-widget_type=\"social-icons.default\">\n\t\t\t\t<div class=\"elementor-widget-container\">\n\t\t\t\t\t\t\t<div class=\"elementor-social-icons-wrapper elementor-grid\" role=\"list\">\n\t\t\t\t\t\t\t<span class=\"elementor-grid-item\" role=\"listitem\">\n\t\t\t\t\t<a class=\"elementor-icon elementor-social-icon elementor-social-icon-envelope elementor-repeater-item-fa19a78\" href=\"https:\/\/plataformafosaspaterna.org\/index.php\/contacte\/\">\n\t\t\t\t\t\t<span class=\"elementor-screen-only\">Envelope<\/span>\n\t\t\t\t\t\t<i aria-hidden=\"true\" class=\"fas fa-envelope\"><\/i>\t\t\t\t\t<\/a>\n\t\t\t\t<\/span>\n\t\t\t\t\t\t\t<span class=\"elementor-grid-item\" role=\"listitem\">\n\t\t\t\t\t<a class=\"elementor-icon elementor-social-icon elementor-social-icon-facebook elementor-repeater-item-00f2fd8\" href=\"https:\/\/www.facebook.com\/PlataformaFamiliaresFosasPaterna\" target=\"_blank\">\n\t\t\t\t\t\t<span class=\"elementor-screen-only\">Facebook<\/span>\n\t\t\t\t\t\t<i aria-hidden=\"true\" class=\"fab fa-facebook\"><\/i>\t\t\t\t\t<\/a>\n\t\t\t\t<\/span>\n\t\t\t\t\t<\/div>\n\t\t\t\t\t\t<\/div>\n\t\t\t\t<\/div>\n\t\t\t\t\t<\/div>\n\t\t<\/div>\n\t\t\t\t\t<\/div>\n\t\t<\/section>\n\t\t\t\t<section class=\"elementor-section elementor-top-section elementor-element elementor-element-626d196 elementor-section-boxed elementor-section-height-default elementor-section-height-default\" data-id=\"626d196\" data-element_type=\"section\" data-e-type=\"section\">\n\t\t\t\t\t\t<div class=\"elementor-container elementor-column-gap-default\">\n\t\t\t\t\t<div class=\"elementor-column elementor-col-100 elementor-top-column elementor-element elementor-element-d0e1de1\" data-id=\"d0e1de1\" data-element_type=\"column\" data-e-type=\"column\">\n\t\t\t<div class=\"elementor-widget-wrap elementor-element-populated\">\n\t\t\t\t\t\t<div class=\"elementor-element elementor-element-75bca7b elementor-widget elementor-widget-text-editor\" data-id=\"75bca7b\" data-element_type=\"widget\" data-e-type=\"widget\" data-widget_type=\"text-editor.default\">\n\t\t\t\t<div class=\"elementor-widget-container\">\n\t\t\t\t\t\t\t\t\t<p class=\"p1\"><b>Homenatges<\/b><\/p><p class=\"p2\">Tots els dies 14 d&#8217;abril ens reunim al Cementeri Municipal de Paterna per a recordar els nostres familiars executats des de el mateix moment en qu\u00e8 va acabar la guerra civil, l\u2019abril de 1939, fins l&#8217;any 1956. A uns 450 metres del cementiri es troba el Terrer, tamb\u00e9 conegut com el Pared\u00f3n de Espa\u00f1a. A m\u00e9s de camperols, sindicalistes i soldats, all\u00e0 van ser assassinats alguns personatges il\u00b7lustres, com ara el rector Peset Aleixandre o el ministre d&#8217;Ind\u00fastria en la Rep\u00fablica, Joan Peir\u00f3.<\/p><p>\u00a0<\/p><p><img decoding=\"async\" class=\"size-medium wp-image-706 aligncenter\" src=\"https:\/\/plataformafosaspaterna.org\/wp-content\/uploads\/2020\/11\/Homenajes_14_abril-300x169.jpg\" alt=\"\" width=\"300\" height=\"169\" srcset=\"https:\/\/plataformafosaspaterna.org\/wp-content\/uploads\/2020\/11\/Homenajes_14_abril-300x169.jpg 300w, https:\/\/plataformafosaspaterna.org\/wp-content\/uploads\/2020\/11\/Homenajes_14_abril-1024x576.jpg 1024w, https:\/\/plataformafosaspaterna.org\/wp-content\/uploads\/2020\/11\/Homenajes_14_abril-768x432.jpg 768w, https:\/\/plataformafosaspaterna.org\/wp-content\/uploads\/2020\/11\/Homenajes_14_abril-1536x864.jpg 1536w, https:\/\/plataformafosaspaterna.org\/wp-content\/uploads\/2020\/11\/Homenajes_14_abril.jpg 1827w\" sizes=\"(max-width: 300px) 100vw, 300px\" \/><\/p><p class=\"p1\"><b>Concentracions<\/b><\/p><p class=\"p4\">L\u2019\u00faltim divendres de cada mes, de 19h a 20h, ens reunim en la Pla\u00e7a de la Verge, en un espai i un moment idoni per tal de divulgar l\u2019ocorregut en el Terrer de Paterna. Els familiars llegeixen poemes o cartes dels seus avis escrites des de la pres\u00f3. Es llegeix tamb\u00e9 el nom de totes les persones assassinades en Paterna i es ofereix informaci\u00f3 sobre el seu poble de proced\u00e8ncia, professi\u00f3 o edat. En ocasions, poetes i cantautors com Pau Alabajos o Vicent Camps, han volgut unir-se a la causa aportant les seues creacions.<\/p><p>\u00a0<\/p><p><img loading=\"lazy\" decoding=\"async\" class=\"size-medium wp-image-713 aligncenter\" src=\"https:\/\/plataformafosaspaterna.org\/wp-content\/uploads\/2020\/11\/concentracion_Plza_Verge-300x169.jpg\" alt=\"\" width=\"300\" height=\"169\" srcset=\"https:\/\/plataformafosaspaterna.org\/wp-content\/uploads\/2020\/11\/concentracion_Plza_Verge-300x169.jpg 300w, https:\/\/plataformafosaspaterna.org\/wp-content\/uploads\/2020\/11\/concentracion_Plza_Verge-1024x576.jpg 1024w, https:\/\/plataformafosaspaterna.org\/wp-content\/uploads\/2020\/11\/concentracion_Plza_Verge-768x432.jpg 768w, https:\/\/plataformafosaspaterna.org\/wp-content\/uploads\/2020\/11\/concentracion_Plza_Verge-1536x864.jpg 1536w, https:\/\/plataformafosaspaterna.org\/wp-content\/uploads\/2020\/11\/concentracion_Plza_Verge.jpg 2048w\" sizes=\"(max-width: 300px) 100vw, 300px\" \/><\/p><p>\u00a0<\/p><p class=\"p1\"><b>Pon\u00e8ncies<\/b><\/p><p class=\"p4\">Les Missions de la Mem\u00f2ria\u00a0\u00e9s un projecte concebit per la Coordinadora d\u2019Associacions per la Mem\u00f2ria del PV, en el qual participa la Plataforma de Familiars, amb l\u2019objectiu d\u2019impulsar juntament amb el personal docent dels centres educatius, la difusi\u00f3 de la Mem\u00f2ria Democr\u00e0tica entre l\u2019alumnat d\u2019ESO i Batxillerat , mitjan\u00e7ant fonts directes, com a instrument en la seua formaci\u00f3 en valors democr\u00e0tics i en el coneixement de la veritat.<\/p><p><img loading=\"lazy\" decoding=\"async\" class=\"size-medium wp-image-1252 aligncenter\" src=\"https:\/\/plataformafosaspaterna.org\/wp-content\/uploads\/2020\/11\/Missions_de_la_memoria-300x169.jpg\" alt=\"\" width=\"300\" height=\"169\" srcset=\"https:\/\/plataformafosaspaterna.org\/wp-content\/uploads\/2020\/11\/Missions_de_la_memoria-300x169.jpg 300w, https:\/\/plataformafosaspaterna.org\/wp-content\/uploads\/2020\/11\/Missions_de_la_memoria-1024x576.jpg 1024w, https:\/\/plataformafosaspaterna.org\/wp-content\/uploads\/2020\/11\/Missions_de_la_memoria-768x432.jpg 768w, https:\/\/plataformafosaspaterna.org\/wp-content\/uploads\/2020\/11\/Missions_de_la_memoria-1536x864.jpg 1536w, https:\/\/plataformafosaspaterna.org\/wp-content\/uploads\/2020\/11\/Missions_de_la_memoria.jpg 1920w\" sizes=\"(max-width: 300px) 100vw, 300px\" \/><\/p><p class=\"p1\"><b>Exposicions y confer\u00e8ncies<\/b><\/p><p class=\"p4\">El Silenci trencat: Les fosses de Paterna\u00a0\u00e9s una exposici\u00f3 fotogr\u00e0fica que homenatja els 2.238 represaliats. L\u2019exposici\u00f3, de car\u00e0cter itinerant, ens ha acompanyat en les diferents xarrades que hem impartit en instituts i ajuntaments, i l\u2019oferim a institucions que tinguen inter\u00e8s per exhibir-la. \u00c9s un recorregut pel silenci, el buit i el dolor, un comprom\u00eds enfront de l\u2019oblit.<\/p><p class=\"p5\">Ens sentim molt orgullosos perqu\u00e8, pel nostre treball, ens van atorgar el PREMI D&#8217;HONOR A LA DEFENSA DE LES LLIBERTATS I LA SOLIDARITAT DE LA VILA DE PEDREGUER l\u2019any 2019.<\/p>\t\t\t\t\t\t\t\t<\/div>\n\t\t\t\t<\/div>\n\t\t\t\t\t<\/div>\n\t\t<\/div>\n\t\t\t\t\t<\/div>\n\t\t<\/section>\n\t\t\t\t<\/div>\n\t\t","protected":false},"excerpt":{"rendered":"<p>Pr\u00f2ximament podr\u00e0s veure totes les activitats que organitzem &times; Descartar alerta Ens sentim molt orgullosos perqu\u00e8, pel nostre treball, ens van atorgar el PREMI D&#8217;HONOR A LA DEFENSA DE LES LLIBERTATS I LA SOLIDARITAT DE LA VILA DE PEDREGUER l\u2019any 2019. per a contactar amb nosaltres Envelope Facebook Homenatges Tots els dies 14 d&#8217;abril ens&hellip;&nbsp;<a href=\"https:\/\/plataformafosaspaterna.org\/?page_id=4170\" class=\"\" rel=\"bookmark\">Leer m\u00e1s &raquo;<span class=\"screen-reader-text\">Activitats<\/span><\/a><\/p>\n","protected":false},"author":10,"featured_media":0,"parent":0,"menu_order":0,"comment_status":"closed","ping_status":"closed","template":"page-templates\/template-pagebuilder-full-width.php","meta":{"_monsterinsights_skip_tracking":false,"_monsterinsights_sitenote_active":false,"_monsterinsights_sitenote_note":"","_monsterinsights_sitenote_category":0,"neve_meta_sidebar":"full-width","neve_meta_container":"","neve_meta_enable_content_width":"on","neve_meta_content_width":100,"neve_meta_title_alignment":"","neve_meta_author_avatar":"","neve_post_elements_order":"","neve_meta_disable_header":"","neve_meta_disable_footer":"","neve_meta_disable_title":"","footnotes":""},"class_list":["post-4170","page","type-page","status-publish","hentry"],"lang":"ca","translations":{"ca":4170,"es":2108},"pll_sync_post":[],"_links":{"self":[{"href":"https:\/\/plataformafosaspaterna.org\/index.php?rest_route=\/wp\/v2\/pages\/4170","targetHints":{"allow":["GET"]}}],"collection":[{"href":"https:\/\/plataformafosaspaterna.org\/index.php?rest_route=\/wp\/v2\/pages"}],"about":[{"href":"https:\/\/plataformafosaspaterna.org\/index.php?rest_route=\/wp\/v2\/types\/page"}],"author":[{"embeddable":true,"href":"https:\/\/plataformafosaspaterna.org\/index.php?rest_route=\/wp\/v2\/users\/10"}],"replies":[{"embeddable":true,"href":"https:\/\/plataformafosaspaterna.org\/index.php?rest_route=%2Fwp%2Fv2%2Fcomments&post=4170"}],"version-history":[{"count":12,"href":"https:\/\/plataformafosaspaterna.org\/index.php?rest_route=\/wp\/v2\/pages\/4170\/revisions"}],"predecessor-version":[{"id":4455,"href":"https:\/\/plataformafosaspaterna.org\/index.php?rest_route=\/wp\/v2\/pages\/4170\/revisions\/4455"}],"wp:attachment":[{"href":"https:\/\/plataformafosaspaterna.org\/index.php?rest_route=%2Fwp%2Fv2%2Fmedia&parent=4170"}],"curies":[{"name":"wp","href":"https:\/\/api.w.org\/{rel}","templated":true}]}}