{"id":4330,"date":"2022-12-11T11:25:37","date_gmt":"2022-12-11T11:25:37","guid":{"rendered":"https:\/\/plataformafosaspaterna.org\/?page_id=4330"},"modified":"2023-01-11T17:29:09","modified_gmt":"2023-01-11T17:29:09","slug":"qui-som-2","status":"publish","type":"page","link":"https:\/\/plataformafosaspaterna.org\/?page_id=4330","title":{"rendered":"Qui som"},"content":{"rendered":"\t\t<div data-elementor-type=\"wp-page\" data-elementor-id=\"4330\" class=\"elementor elementor-4330\">\n\t\t\t\t\t\t<section class=\"elementor-section elementor-top-section elementor-element elementor-element-46373a58 elementor-reverse-mobile elementor-section-boxed elementor-section-height-default elementor-section-height-default\" data-id=\"46373a58\" data-element_type=\"section\" data-e-type=\"section\">\n\t\t\t\t\t\t<div class=\"elementor-container elementor-column-gap-default\">\n\t\t\t\t\t<div class=\"elementor-column elementor-col-50 elementor-top-column elementor-element elementor-element-3ba40f9\" data-id=\"3ba40f9\" data-element_type=\"column\" data-e-type=\"column\">\n\t\t\t<div class=\"elementor-widget-wrap elementor-element-populated\">\n\t\t\t\t\t\t<div class=\"elementor-element elementor-element-7c8bc088 elementor-widget elementor-widget-text-editor\" data-id=\"7c8bc088\" data-element_type=\"widget\" data-e-type=\"widget\" data-widget_type=\"text-editor.default\">\n\t\t\t\t<div class=\"elementor-widget-container\">\n\t\t\t\t\t\t\t\t\t<p><span style=\"font-weight: 400;\">La PLATAFORMA D\u2019ASSOCIACIONS DE FAMILIARS DE V\u00cdCTIMES DEL FRANQUISME DE LES FOSSES COMUNES DE PATERNA es va constituir el 4 de mar\u00e7 de 2019 i reunix m\u00e9s de 500 fam\u00edlies repartides per tot el territori espanyol. \u00c9s una federaci\u00f3 que agrupa a diverses associacions de familiars de persones represaliades pel franquisme i soterrades a les fosses comunes del cementeri de Paterna (Val\u00e8ncia). Aquestes associacions estan inscrites en el Registre d\u2019Entitats Memorialistes de la Comunitat Valenciana.<\/span><\/p>\t\t\t\t\t\t\t\t<\/div>\n\t\t\t\t<\/div>\n\t\t\t\t\t<\/div>\n\t\t<\/div>\n\t\t\t\t<div class=\"elementor-column elementor-col-50 elementor-top-column elementor-element elementor-element-14b578df\" data-id=\"14b578df\" data-element_type=\"column\" data-e-type=\"column\">\n\t\t\t<div class=\"elementor-widget-wrap elementor-element-populated\">\n\t\t\t\t\t\t<div class=\"elementor-element elementor-element-7289dce5 elementor-widget elementor-widget-image\" data-id=\"7289dce5\" data-element_type=\"widget\" data-e-type=\"widget\" data-widget_type=\"image.default\">\n\t\t\t\t<div class=\"elementor-widget-container\">\n\t\t\t\t\t\t\t\t\t\t\t\t\t\t\t\t<a href=\"https:\/\/plataformafosaspaterna.org\/wp-content\/uploads\/2020\/11\/Plataforma2-1.jpg\" data-elementor-open-lightbox=\"yes\" data-elementor-lightbox-title=\"Plataforma2\" data-e-action-hash=\"#elementor-action%3Aaction%3Dlightbox%26settings%3DeyJpZCI6Njc2LCJ1cmwiOiJodHRwczpcL1wvcGxhdGFmb3JtYWZvc2FzcGF0ZXJuYS5vcmdcL3dwLWNvbnRlbnRcL3VwbG9hZHNcLzIwMjBcLzExXC9QbGF0YWZvcm1hMi0xLmpwZyJ9\">\n\t\t\t\t\t\t\t<img fetchpriority=\"high\" decoding=\"async\" width=\"930\" height=\"620\" src=\"https:\/\/plataformafosaspaterna.org\/wp-content\/uploads\/2020\/11\/Plataforma2-1-930x620.jpg\" class=\"attachment-neve-blog size-neve-blog wp-image-676\" alt=\"\" \/>\t\t\t\t\t\t\t\t<\/a>\n\t\t\t\t\t\t\t\t\t\t\t\t\t\t\t<\/div>\n\t\t\t\t<\/div>\n\t\t\t\t\t<\/div>\n\t\t<\/div>\n\t\t\t\t\t<\/div>\n\t\t<\/section>\n\t\t\t\t<section class=\"elementor-section elementor-top-section elementor-element elementor-element-c59093d elementor-section-content-middle elementor-section-boxed elementor-section-height-default elementor-section-height-default\" data-id=\"c59093d\" data-element_type=\"section\" data-e-type=\"section\">\n\t\t\t\t\t\t<div class=\"elementor-container elementor-column-gap-no\">\n\t\t\t\t\t<div class=\"elementor-column elementor-col-100 elementor-top-column elementor-element elementor-element-7495c02\" data-id=\"7495c02\" data-element_type=\"column\" data-e-type=\"column\">\n\t\t\t<div class=\"elementor-widget-wrap elementor-element-populated\">\n\t\t\t\t\t\t<div class=\"elementor-element elementor-element-4f6eddd elementor-widget elementor-widget-heading\" data-id=\"4f6eddd\" data-element_type=\"widget\" data-e-type=\"widget\" data-widget_type=\"heading.default\">\n\t\t\t\t<div class=\"elementor-widget-container\">\n\t\t\t\t\t<h4 class=\"elementor-heading-title elementor-size-default\">L'article 4.a dels nostres estatuts expressa com a primer fi de la Plataforma \"aconseguir que els processos d\u2019exhumaci\u00f3 de les m\u00e9s de 20 foses actualment en marxa i de les que puguen apar\u00e9ixer en un futur al Cementeri de Paterna culminen amb normalitat i igualtat, restituint l\u2019espai a la seua situaci\u00f3 original amb la dignificaci\u00f3 que contemplen les Lleis de la Mem\u00f2ria estatal i auton\u00f2mica\"<\/h4>\t\t\t\t<\/div>\n\t\t\t\t<\/div>\n\t\t\t\t<section class=\"elementor-section elementor-inner-section elementor-element elementor-element-6d791779 elementor-section-content-middle elementor-section-boxed elementor-section-height-default elementor-section-height-default\" data-id=\"6d791779\" data-element_type=\"section\" data-e-type=\"section\">\n\t\t\t\t\t\t<div class=\"elementor-container elementor-column-gap-no\">\n\t\t\t\t\t<div class=\"elementor-column elementor-col-100 elementor-inner-column elementor-element elementor-element-3df92fe8\" data-id=\"3df92fe8\" data-element_type=\"column\" data-e-type=\"column\">\n\t\t\t<div class=\"elementor-widget-wrap elementor-element-populated\">\n\t\t\t\t\t\t<div class=\"elementor-element elementor-element-14a5e555 elementor-align-center elementor-widget elementor-widget-button\" data-id=\"14a5e555\" data-element_type=\"widget\" data-e-type=\"widget\" data-widget_type=\"button.default\">\n\t\t\t\t<div class=\"elementor-widget-container\">\n\t\t\t\t\t\t\t\t\t<div class=\"elementor-button-wrapper\">\n\t\t\t\t\t<a class=\"elementor-button elementor-button-link elementor-size-sm elementor-animation-grow\" href=\"https:\/\/plataformafosaspaterna.org\/wp-content\/uploads\/2020\/11\/ESTATUTOS-PLATAFORMA.pdf\">\n\t\t\t\t\t\t<span class=\"elementor-button-content-wrapper\">\n\t\t\t\t\t\t<span class=\"elementor-button-icon\">\n\t\t\t\t<i aria-hidden=\"true\" class=\"far fa-file-pdf\"><\/i>\t\t\t<\/span>\n\t\t\t\t\t\t\t\t\t<span class=\"elementor-button-text\">Estatutos<\/span>\n\t\t\t\t\t<\/span>\n\t\t\t\t\t<\/a>\n\t\t\t\t<\/div>\n\t\t\t\t\t\t\t\t<\/div>\n\t\t\t\t<\/div>\n\t\t\t\t\t<\/div>\n\t\t<\/div>\n\t\t\t\t\t<\/div>\n\t\t<\/section>\n\t\t\t\t\t<\/div>\n\t\t<\/div>\n\t\t\t\t\t<\/div>\n\t\t<\/section>\n\t\t\t\t<section class=\"elementor-section elementor-top-section elementor-element elementor-element-9f7522b elementor-section-boxed elementor-section-height-default elementor-section-height-default\" data-id=\"9f7522b\" data-element_type=\"section\" data-e-type=\"section\">\n\t\t\t\t\t\t<div class=\"elementor-container elementor-column-gap-default\">\n\t\t\t\t\t<div class=\"elementor-column elementor-col-100 elementor-top-column elementor-element elementor-element-071a880\" data-id=\"071a880\" data-element_type=\"column\" data-e-type=\"column\">\n\t\t\t<div class=\"elementor-widget-wrap elementor-element-populated\">\n\t\t\t\t\t\t<div class=\"elementor-element elementor-element-e288833 elementor-widget elementor-widget-heading\" data-id=\"e288833\" data-element_type=\"widget\" data-e-type=\"widget\" data-widget_type=\"heading.default\">\n\t\t\t\t<div class=\"elementor-widget-container\">\n\t\t\t\t\t<h4 class=\"elementor-heading-title elementor-size-default\">Junta Plataforma  Fosas de Paterna\u200b<\/h4>\t\t\t\t<\/div>\n\t\t\t\t<\/div>\n\t\t\t\t\t<\/div>\n\t\t<\/div>\n\t\t\t\t\t<\/div>\n\t\t<\/section>\n\t\t\t\t<section class=\"elementor-section elementor-top-section elementor-element elementor-element-dabe693 elementor-section-boxed elementor-section-height-default elementor-section-height-default\" data-id=\"dabe693\" data-element_type=\"section\" data-e-type=\"section\">\n\t\t\t\t\t\t<div class=\"elementor-container elementor-column-gap-default\">\n\t\t\t\t\t<div class=\"elementor-column elementor-col-100 elementor-top-column elementor-element elementor-element-be40267\" data-id=\"be40267\" data-element_type=\"column\" data-e-type=\"column\">\n\t\t\t<div class=\"elementor-widget-wrap elementor-element-populated\">\n\t\t\t\t\t\t<div class=\"elementor-element elementor-element-9abf8af elementor-widget elementor-widget-text-editor\" data-id=\"9abf8af\" data-element_type=\"widget\" data-e-type=\"widget\" data-widget_type=\"text-editor.default\">\n\t\t\t\t<div class=\"elementor-widget-container\">\n\t\t\t\t\t\t\t\t\t<ul>\n<li>\n<p><span style=\"background-color: var(--nv-site-bg); color: var(--nv-text-color); font-family: Graphik,-apple-system,BlinkMacSystemFont,Segoe UI,var(--nv-fallback-ff); letter-spacing: 0px;\">La junta de la Plataforma est\u00e0 composada per:<\/span><br><\/p>\n<ul>\n<li style=\"list-style-type: none;\">\n<ul>\n<li style=\"list-style-type: none;\">\n<ul>\n<li style=\"list-style-type: none;\">\n<ul>\n<li style=\"list-style-type: none;\">\n<ul>\n<li style=\"list-style-type: none;\">\n<ul>\n<li style=\"list-style-type: none;\">\n<ul>\n<li><b>Presid\u00e8ncia<\/b>: Amparo Belmonte Orts<\/li>\n<li><b>Vicepresid\u00e8ncia<\/b>: Pedro Luis Alonso Guti\u00e9rrez<\/li>\n<li><b>Secretaria<\/b>: Daniel Gal\u00e1n Valero<\/li>\n<li><b>Tresoreria<\/b>: Carolina Mart\u00ednez<\/li>\n<li><span style=\"font-weight: 700;\">Vocal<\/span>: Miguel Navarro S\u00e1nchez<\/li>\n<\/ul>\n<\/li>\n<\/ul>\n<\/li>\n<\/ul>\n<\/li>\n<\/ul>\n<\/li>\n<\/ul>\n<\/li>\n<\/ul>\n<\/li>\n<\/ul>\n<\/li>\n<\/ul>\t\t\t\t\t\t\t\t<\/div>\n\t\t\t\t<\/div>\n\t\t\t\t\t<\/div>\n\t\t<\/div>\n\t\t\t\t\t<\/div>\n\t\t<\/section>\n\t\t\t\t<\/div>\n\t\t","protected":false},"excerpt":{"rendered":"<p>La PLATAFORMA D\u2019ASSOCIACIONS DE FAMILIARS DE V\u00cdCTIMES DEL FRANQUISME DE LES FOSSES COMUNES DE PATERNA es va constituir el 4 de mar\u00e7 de 2019 i reunix m\u00e9s de 500 fam\u00edlies repartides per tot el territori espanyol. \u00c9s una federaci\u00f3 que agrupa a diverses associacions de familiars de persones represaliades pel franquisme i soterrades a les&hellip;&nbsp;<a href=\"https:\/\/plataformafosaspaterna.org\/?page_id=4330\" class=\"\" rel=\"bookmark\">Leer m\u00e1s &raquo;<span class=\"screen-reader-text\">Qui som<\/span><\/a><\/p>\n","protected":false},"author":10,"featured_media":0,"parent":0,"menu_order":0,"comment_status":"closed","ping_status":"closed","template":"page-templates\/template-pagebuilder-full-width.php","meta":{"_monsterinsights_skip_tracking":false,"_monsterinsights_sitenote_active":false,"_monsterinsights_sitenote_note":"","_monsterinsights_sitenote_category":0,"neve_meta_sidebar":"full-width","neve_meta_container":"","neve_meta_enable_content_width":"on","neve_meta_content_width":100,"neve_meta_title_alignment":"","neve_meta_author_avatar":"","neve_post_elements_order":"","neve_meta_disable_header":"","neve_meta_disable_footer":"","neve_meta_disable_title":"","footnotes":""},"class_list":["post-4330","page","type-page","status-publish","hentry"],"lang":"es","translations":{"es":2108},"pll_sync_post":[],"_links":{"self":[{"href":"https:\/\/plataformafosaspaterna.org\/index.php?rest_route=\/wp\/v2\/pages\/4330","targetHints":{"allow":["GET"]}}],"collection":[{"href":"https:\/\/plataformafosaspaterna.org\/index.php?rest_route=\/wp\/v2\/pages"}],"about":[{"href":"https:\/\/plataformafosaspaterna.org\/index.php?rest_route=\/wp\/v2\/types\/page"}],"author":[{"embeddable":true,"href":"https:\/\/plataformafosaspaterna.org\/index.php?rest_route=\/wp\/v2\/users\/10"}],"replies":[{"embeddable":true,"href":"https:\/\/plataformafosaspaterna.org\/index.php?rest_route=%2Fwp%2Fv2%2Fcomments&post=4330"}],"version-history":[{"count":19,"href":"https:\/\/plataformafosaspaterna.org\/index.php?rest_route=\/wp\/v2\/pages\/4330\/revisions"}],"predecessor-version":[{"id":4450,"href":"https:\/\/plataformafosaspaterna.org\/index.php?rest_route=\/wp\/v2\/pages\/4330\/revisions\/4450"}],"wp:attachment":[{"href":"https:\/\/plataformafosaspaterna.org\/index.php?rest_route=%2Fwp%2Fv2%2Fmedia&parent=4330"}],"curies":[{"name":"wp","href":"https:\/\/api.w.org\/{rel}","templated":true}]}}